{"id":186,"date":"2019-03-23T13:44:46","date_gmt":"2019-03-23T13:44:46","guid":{"rendered":"https:\/\/demo.hellowp.io\/19\/?page_id=26"},"modified":"2023-04-28T07:07:44","modified_gmt":"2023-04-28T07:07:44","slug":"adatvedelem","status":"publish","type":"page","link":"https:\/\/www.salaplast.hu\/en\/adatvedelem\/","title":{"rendered":"Privacy Policy"},"content":{"rendered":"[et_pb_section admin_label=&#8221;section&#8221;]\n\t\t\t[et_pb_row admin_label=&#8221;row&#8221;]\n\t\t\t\t[et_pb_column type=&#8221;4_4&#8243;][et_pb_text admin_label=&#8221;Text&#8221;]\n<p>A <strong>Salaplast Kft.<\/strong> (a tov\u00e1bbiakban: Adatkezel\u0151), mint adatkezel\u0151 az Eur\u00f3pai Uni\u00f3 2016\/679 sz\u00e1m\u00fa \u00c1ltal\u00e1nos Adatv\u00e9delmi Rendelete (a tov\u00e1bbiakban: Rendelet) alapj\u00e1n ny\u00fajtja eme t\u00e1j\u00e9koztat\u00e1st a <a href=\"https:\/\/salaplast.hu\">https:\/\/salaplast.hu<\/a> weboldalon t\u00f6rt\u00e9n\u0151 \u00e1raj\u00e1nlatk\u00e9r\u00e9sekkel, megrendel\u00e9sekkel birtok\u00e1ba jut\u00f3 adatok kezel\u00e9s\u00e9r\u0151l.<\/p>\n\n\n\n<p><strong>I. \u00c1ltal\u00e1nos rendelkez\u00e9sek<\/strong><\/p>\n\n\n\n<p>A https:\/\/salaplast.hu oldalon t\u00f6rt\u00e9n\u0151 aj\u00e1nlatk\u00e9r\u00e9ssel mag\u00e1ra n\u00e9zve k\u00f6telez\u0151nek tartva fogadja el jelen adatkezel\u00e9si szab\u00e1lyzat rendelkez\u00e9seit.<\/p>\n\n\n\n<p>\u2013 <strong>Az Adatkezel\u0151r\u0151l:<\/strong><\/p>\n\n\n\n<p><strong>Teljes neve:<\/strong>&nbsp;Salaplast M\u0171anyagipari Korl\u00e1tolt Felel\u0151ss\u00e9g\u0171 T\u00e1rsas\u00e1g<\/p>\n\n\n\n<p><strong>R\u00f6vid\u00edtett neve:<\/strong>\u00a0Salaplast Kft.<br><strong>Sz\u00e9khelye:<\/strong>\u00a06728 Szeged, Vass M\u00e1ty\u00e1s \u00fat 17.<br><strong>Ad\u00f3sz\u00e1m:<\/strong>\u00a026747129-2-06<br><strong>C\u00e9gjegyz\u00e9ksz\u00e1m:<\/strong> 06-09-025295<br><strong>Nyilv\u00e1ntart\u00f3 b\u00edr\u00f3s\u00e1g:<\/strong>\u00a0Szegedi T\u00f6rv\u00e9nysz\u00e9k C\u00e9gb\u00edr\u00f3s\u00e1ga<br><strong>Elektronikus kommunik\u00e1ci\u00f3:\u00a0<\/strong>info@salaplast.hu<br><strong>Levelez\u00e9si c\u00edm:<\/strong>\u00a06728 Szeged, Vass M\u00e1ty\u00e1s \u00fat 17.<\/p>\n\n\n\n<ol class=\"wp-block-list\" type=\"1\">\n<li>&nbsp;Jelen adatv\u00e9delmi t\u00e1j\u00e9koztat\u00f3 c\u00e9lja, hogy meghat\u00e1rozza a kezelt szem\u00e9lyes adatok k\u00f6r\u00e9t, az adatkezel\u00e9s m\u00f3dj\u00e1t, valamint biztos\u00edtsa az adatv\u00e9telem alkotm\u00e1nyos elveinek, az adatbiztons\u00e1g k\u00f6vetelm\u00e9nyeinek megval\u00f3sul\u00e1s\u00e1t, \u00e9s megakad\u00e1lyozza az adatokhoz val\u00f3 jogosulatlan hozz\u00e1f\u00e9r\u00e9st, az adatok \u00f6nk\u00e9nyes megv\u00e1ltoztat\u00e1s\u00e1t \u00e9s a jogosulatlan nyilv\u00e1noss\u00e1gra hozatal\u00e1t \u00e9s\/vagy felhaszn\u00e1l\u00e1s\u00e1t.<\/li>\n\n\n\n<li>&nbsp;A 2. bekezd\u00e9sben meghat\u00e1rozott c\u00e9l \u00e9rdek\u00e9ben az \u00d6n szem\u00e9lyes adatait bizalmasan, a hat\u00e1lyos jogszab\u00e1lyi k\u00f6rnyezetnek megfelel\u0151en kezelj\u00fck, gondoskodunk az adatok biztons\u00e1g\u00e1r\u00f3l, megtessz\u00fck azokat a technikai \u00e9s szervezeti int\u00e9zked\u00e9seket \u00e9s fejleszt\u00e9seket; tov\u00e1bb\u00e1 kialak\u00edtjuk azokat az elj\u00e1r\u00e1si szab\u00e1lyokat, amelyek a vonatkoz\u00f3 jogszab\u00e1lyi rendelkez\u00e9sek \u00e9rv\u00e9nyes\u00edt\u00e9s\u00e9hez sz\u00fcks\u00e9gesek.<\/li>\n<\/ol>\n\n\n\n<p><strong>II. Jogszab\u00e1lyi h\u00e1tt\u00e9r<\/strong><\/p>\n\n\n\n<p>A <strong>Salaplast Kft.<\/strong> \u00e1ltal t\u00f6rt\u00e9n\u0151 adatkezel\u00e9sre, els\u0151sorban az al\u00e1bbi jogszab\u00e1lyokban r\u00f6gz\u00edtett rendelkez\u00e9sek az ir\u00e1nyad\u00f3ak:<\/p>\n\n\n\n<p>\u2013 a Polg\u00e1ri T\u00f6rv\u00e9nyk\u00f6nyvr\u0151l sz\u00f3l\u00f3 2013. \u00e9vi V. t\u00f6rv\u00e9ny 2:43\u00a7;<br>\u2013 az inform\u00e1ci\u00f3s \u00f6nrendelkez\u00e9si jogr\u00f3l \u00e9s az inform\u00e1ci\u00f3szabads\u00e1gr\u00f3l sz\u00f3l\u00f3 2011. \u00e9vi CXII. tv. (\u201e Info. tv.\u201d);<br>\u2013 az Eur\u00f3pai Parlament \u00e9s a Tan\u00e1cs (EU) 2016\/679 Rendelete (\u201eGDPR\u201d)<br>\u2013 az elektronikus kereskedelmi szolg\u00e1ltat\u00e1sok, valamint inform\u00e1ci\u00f3s t\u00e1rsadalommal \u00f6sszef\u00fcgg\u0151 szolg\u00e1ltat\u00e1sok egyes k\u00e9rd\u00e9seir\u0151l sz\u00f3l\u00f3 2001. \u00e9vi CVIII. tv. (\u201eEker. tv.\u201d);<br>\u2013 a gazdas\u00e1gi rekl\u00e1mtev\u00e9kenys\u00e9g alapvet\u0151 felt\u00e9teleir\u0151l \u00e9s egyes korl\u00e1tair\u00f3l sz\u00f3l\u00f3 2008. \u00e9vi XLVIII. tv. (\u201eGrt. tv.\u201d)<br>\u2013 az egy\u00e9nek v\u00e9delm\u00e9r\u0151l a szem\u00e9lyes adatok g\u00e9pi feldolgoz\u00e1sa sor\u00e1n, Strasbourgban, 1981. janu\u00e1r 28. napj\u00e1n kelt Egyezm\u00e9ny kihirdet\u00e9s\u00e9r\u0151l sz\u00f3l\u00f3 1998. \u00e9vi VI. t\u00f6rv\u00e9ny;<br>\u2013 a kutat\u00e1s \u00e9s a k\u00f6zvetlen \u00fczletszerz\u00e9s c\u00e9lj\u00e1t szolg\u00e1l\u00f3 n\u00e9v- \u00e9s lakc\u00edmadatok kezel\u00e9s\u00e9r\u0151l sz\u00f3l\u00f3 1995. \u00e9vi CXIX. T\u00f6rv\u00e9ny (\u201eKatv.\u201d)&nbsp;<\/p>\n\n\n\n<p><strong>III. Az adatkezel\u00e9s jogalapja<\/strong><\/p>\n\n\n\n<p>Szem\u00e9lyes adatait a hat\u00e1lyos adatv\u00e9delemre vonatkoz\u00f3 jogszab\u00e1lyoknak megfelel\u0151en az al\u00e1bbi jogc\u00edmeken kezelj\u00fck: \u2013 GDPR 6. cikk (1) bek. a.) pont alapj\u00e1n: az \u00d6n -megfelel\u0151 t\u00e1j\u00e9koztat\u00e1son alapul\u00f3- \u00f6nk\u00e9ntes hozz\u00e1j\u00e1rul\u00e1sa;<br>\u2013 GDPR 6. cikk (1) bekezd\u00e9s b.) pontja alapj\u00e1n: az adatkezel\u00e9s olyan szerz\u0151d\u00e9s teljes\u00edt\u00e9s\u00e9hez sz\u00fcks\u00e9ges, amelyben az Aj\u00e1nlatk\u00e9r\u0151, mint \u00e9rintett az egyik f\u00e9l (szerz\u0151d\u00e9s teljes\u00edt\u00e9se)<br>\u2013 a GDPR 6. cikk (1) bekezd\u00e9s c) pontja alapj\u00e1n: az adatkezel\u00e9s az adatkezel\u0151re vonatkoz\u00f3 jogi k\u00f6telezetts\u00e9g teljes\u00edt\u00e9s\u00e9hez sz\u00fcks\u00e9ges (mint p\u00e9ld\u00e1ul sz\u00e1mviteli, k\u00f6nyvviteli k\u00f6telezetts\u00e9g teljes\u00edt\u00e9se (Jogi k\u00f6telezetts\u00e9g teljes\u00edt\u00e9se);<br>\u2013 az elektronikus kereskedelmi szolg\u00e1ltat\u00e1sok, valamint az inform\u00e1ci\u00f3s t\u00e1rsadalommal \u00f6sszef\u00fcgg\u0151 szolg\u00e1ltat\u00e1sok egyes k\u00e9rd\u00e9seir\u0151l sz\u00f3l\u00f3 2001. \u00e9vi CVIII. tv. (tov\u00e1bbiakban: Eker tv.) 13\/A \u00a7-a alapj\u00e1n, amelynek \u00e9rtelm\u00e9ben, a Felhaszn\u00e1l\u00f3 hozz\u00e1j\u00e1rul\u00e1sa n\u00e9lk\u00fcl kezelhet\u0151k a Felhaszn\u00e1l\u00f3k sz\u00e1ml\u00e1z\u00e1si adatait, (n\u00e9v, utca\/h\u00e1zsz\u00e1m, v\u00e1ros, k\u00f6rzetsz\u00e1m, ad\u00f3sz\u00e1m, telefonsz\u00e1m) kisz\u00e1ll\u00edt\u00e1si adatait (n\u00e9v, utca\/h\u00e1zsz\u00e1m, v\u00e1ros, k\u00f6rzetsz\u00e1m, telefonsz\u00e1m), valamint a kapcsolattart\u00f3 term\u00e9szetes szem\u00e9ly nev\u00e9t, e-mail c\u00edm\u00e9t \u00e9s telefonsz\u00e1m\u00e1t, az inform\u00e1ci\u00f3s t\u00e1rsadalommal \u00f6sszef\u00fcgg\u0151 szolg\u00e1ltat\u00e1s ny\u00fajt\u00e1s\u00e1ra ir\u00e1nyul\u00f3 szerz\u0151d\u00e9s l\u00e9trehoz\u00e1sa, tartalm\u00e1nak meghat\u00e1roz\u00e1sa, m\u00f3dos\u00edt\u00e1sa, teljes\u00edt\u00e9s\u00e9nek figyelemmel k\u00eds\u00e9r\u00e9se, az abb\u00f3l sz\u00e1rmaz\u00f3 d\u00edjak sz\u00e1ml\u00e1z\u00e1sa, valamint az azzal kapcsolatos k\u00f6vetel\u00e9sek \u00e9rv\u00e9nyes\u00edt\u00e9se c\u00e9lj\u00e1b\u00f3l, tov\u00e1bb\u00e1 az Aj\u00e1nlatk\u00e9r\u0151 hozz\u00e1j\u00e1rul\u00e1s n\u00e9lk\u00fcl kezelhet\u0151k az Aj\u00e1nlatk\u00e9r\u0151 term\u00e9szetes, jogi szem\u00e9ly neve, c\u00edme, valamint a b\u00e9rleti jogviszony l\u00e9trej\u00f6tt\u00e9nek id\u0151pontj\u00e1ra, id\u0151tartam\u00e1ra \u00e9s hely\u00e9re vonatkoz\u00f3 adatok az inform\u00e1ci\u00f3s t\u00e1rsadalommal \u00f6sszef\u00fcgg\u0151 szolg\u00e1ltat\u00e1s ny\u00fajt\u00e1s\u00e1ra ir\u00e1nyul\u00f3 szerz\u0151d\u00e9sb\u0151l sz\u00e1rmaz\u00f3 d\u00edjak sz\u00e1ml\u00e1z\u00e1sa c\u00e9lj\u00e1b\u00f3l;<br>\u2013 a gazdas\u00e1gi rekl\u00e1mtev\u00e9kenys\u00e9g alapvet\u0151 felt\u00e9teleir\u0151l \u00e9s egyes korl\u00e1tair\u00f3l sz\u00f3l\u00f3 2008. \u00e9vi XLVIII. tv. 6. \u00a7 bekezd\u00e9se<\/p>\n\n\n\n<p><strong>IV. A kezelt adatok k\u00f6re, az adatkezel\u00e9s c\u00e9lja \u00e9s id\u0151tartama:<\/strong><\/p>\n\n\n\n<ol class=\"wp-block-list\">\n<li> Felhaszn\u00e1l\u00f3k azonos\u00edt\u00e1sa, a felhaszn\u00e1l\u00f3k azonos\u00edt\u00e1sa \u00e9rdek\u00e9ben, az aj\u00e1nlatk\u00e9r\u00e9s sor\u00e1n az \u00d6n \u00e1ltal megadott szem\u00e9lyes adatait kezelj\u00fck, melyek megad\u00e1sa \u00e1raj\u00e1nlat k\u00e9r\u00e9s eset\u00e9n k\u00f6telez\u0151: <br>&#8211; Az \u00d6n neve <br>&#8211; E-mail c\u00edme<br>&#8211; Telefonsz\u00e1ma<\/li>\n<\/ol>\n\n\n\n<p><strong>Az adatkezel\u00e9s c\u00e9lja:<\/strong> A weboldal felhaszn\u00e1l\u00f3inak azonos\u00edt\u00e1sa, a szerz\u0151d\u00e9s l\u00e9trehoz\u00e1sa, az \u00e1raj\u00e1nlat ad\u00e1sa, \u00e1ru lesz\u00e1ll\u00edt\u00e1sa, azaz a szolg\u00e1ltat\u00f3i szerz\u0151d\u00e9s teljes\u00edt\u00e9se, valamint a partnerkapcsolati rel\u00e1ci\u00f3k \u00e9rt\u00e9kel\u00e9se.<br>T\u00e1j\u00e9koztatjuk, hogy amennyiben az adatszolg\u00e1ltat\u00e1st megtagadja, \u00fagy megrendel\u00e9s\u00e9t nem tudjuk feldolgozni.<br><strong>Az adatkezel\u00e9s jogalapja:<\/strong> GDPR 6. cikk (1) bekezd\u00e9s b.) pontja, azaz a IV.\/1. pontban r\u00f6gz\u00edtett k\u00f6telez\u0151 adatok megad\u00e1sa n\u00e9lk\u00fcl nem tudja v\u00e9grehajtani a regisztr\u00e1ci\u00f3t \u00e9s nem tud a Salaplast Kft.-vel szolg\u00e1ltat\u00e1si szerz\u0151d\u00e9st k\u00f6tni (\u00e1raj\u00e1nlatk\u00e9r\u00e9s, megrendel\u00e9s) tov\u00e1bb\u00e1 az EKER tv. 13\/a \u00a7.<br><strong>Az adatkezel\u00e9s id\u0151tartama:<\/strong> Az Felhaszn\u00e1l\u00f3 hozz\u00e1j\u00e1rul\u00e1s\u00e1nak visszavon\u00e1s\u00e1ig, vagy 5 \u00e9v. A hozz\u00e1j\u00e1rul\u00e1s visszavon\u00e1sa nem \u00e9rinti a visszavon\u00e1s el\u0151tt v\u00e9grehajtott adatkezel\u00e9s jogszer\u0171s\u00e9g\u00e9t.<br>A IV. pontban r\u00f6gz\u00edtetteken k\u00edv\u00fcl az \u00e1raj\u00e1nlatk\u00e9r\u00e9st k\u00f6vet\u0151en az al\u00e1bbi adatokat t\u00e1roljuk \u00e9s dolgozzuk fel a Felhaszn\u00e1l\u00f3val kapcsolatban:<br>\u2013 az aj\u00e1nlatk\u00e9r\u00e9sben megjel\u00f6lt term\u00e9kek t\u00edpus\u00e1t \u00e9s mennyis\u00e9gi mutat\u00f3j\u00e1t<\/p>\n\n\n\n<p><strong>2. Sz\u00e1ml\u00e1z\u00e1s<\/strong><\/p>\n\n\n\n<p>A IV\/1-es pontban r\u00e9szletezett, regisztr\u00e1ci\u00f3 sor\u00e1n megadott adatok alapj\u00e1n ker\u00fcl ki\u00e1ll\u00edt\u00e1sra a Megrendel\u0151 \u00e9s a Salaplast Kft. k\u00f6z\u00f6tt l\u00e9trej\u00f6v\u0151 szolg\u00e1ltat\u00e1si szerz\u0151d\u00e9s, mely elengedhetetlen a p\u00e9nz\u00fcgyi teljes\u00edt\u00e9shez (d\u00edjbek\u00e9r\u0151, sz\u00e1mla ki\u00e1ll\u00edt\u00e1sa).<br><strong>Az adatkezel\u00e9s c\u00e9lja: <\/strong>Az \u00e1raj\u00e1nlat ad\u00e1shoz, megrendel\u00e9s teljes\u00edt\u00e9s\u00e9hez kapcsol\u00f3d\u00f3 fizet\u00e9si folyamat teljes\u00edt\u00e9se.<br><strong>Az adatkezel\u00e9s jogalapja:<\/strong> GDPR 6. cikk (1) bekezd\u00e9s b.) pontja \u00e9s az EKER tv. 13\/a. \u00a7<br><strong>Az adatkezel\u00e9s id\u0151tartama:<\/strong> az \u00e1raj\u00e1nlat k\u00e9r\u00e9ssel\/megrendel\u00e9ssel kapcsolatos adatokat az esetleges jogvit\u00e1k sor\u00e1n t\u00f6rt\u00e9n\u0151 bizony\u00edt\u00e1s \u00e9rdek\u00e9ben, az \u00e1ltal\u00e1nos el\u00e9v\u00fcl\u00e9si hat\u00e1rid\u0151ig, azaz 5 \u00e9vig t\u00e1roljuk.<br>A sz\u00e1ml\u00e1z\u00e1ssal kapcsolatos adatokat a sz\u00e1mviteli k\u00f6telezetts\u00e9gek teljes\u00edt\u00e9s\u00e9nek \u00e9rdek\u00e9ben, a 2000. \u00c9VI C. tv. 169. \u00a7-a \u00e9rtelm\u00e9ben 8 \u00e9vig, illetve az ad\u00f3z\u00e1s rendj\u00e9r\u0151l sz\u00f3l\u00f3 2003. \u00e9vi XCII. t\u00f6rv\u00e9nyben meghat\u00e1rozott el\u00e9v\u00fcl\u00e9si id\u0151ig kezelj\u00fck.<\/p>\n\n\n\n<p><strong>3. \u00c9rtes\u00edt\u00e9sek k\u00fcld\u00e9se<\/strong><\/p>\n\n\n\n<p>Nem marketing c\u00e9lb\u00f3l k\u00fcld\u00fcnk ki \u00d6nnek \u00fczenetet a regisztr\u00e1ci\u00f3 sor\u00e1n megadott e-mail c\u00edm\u00e9re:<br>\u2013 az \u00e1raj\u00e1nlat k\u00e9r\u00e9s visszaigazol\u00e1sa;<br>\u2013 a b\u00e9rleti jogviszony l\u00e9trej\u00f6tt\u00e9vel kapcsolatos egyeztet\u00e9s;<br>\u2013 d\u00edjbek\u00e9r\u0151\/sz\u00e1mla megk\u00fcld\u00e9se.<\/p>\n\n\n\n<p>Ha \u00d6n nem adott egy\u00e9rtelm\u0171 hozz\u00e1j\u00e1rul\u00e1st, hogy h\u00edrlevelet kapjon, akkor a nem marketing c\u00e9l\u00fa \u00fczenet eset\u00e9ben sem kap marketing tartalm\u00fa \u00fczenetet.<br><strong>Az adatkezel\u00e9s c\u00e9lja:<\/strong>&nbsp;A regisztr\u00e1lt felhaszn\u00e1l\u00f3k szem\u00e9lyre szabott kiszolg\u00e1l\u00e1sa, a szolg\u00e1ltat\u00e1si szerz\u0151d\u00e9s teljes\u00edt\u00e9se.<br><strong>Az adatkezel\u00e9s jogalapja:<\/strong>&nbsp;GDPR 6. cikk (1) bekezd\u00e9s b) pontja \u2013 szerz\u0151d\u00e9s teljes\u00edt\u00e9s<br><strong>Az adatkezel\u00e9s id\u0151tartama:<\/strong>&nbsp;A szerz\u0151d\u00e9sb\u0151l ered\u0151 ig\u00e9nyek el\u00e9v\u00fcl\u00e9s\u00e9nek id\u0151tartama, azaz 5 \u00e9v.<\/p>\n\n\n\n<p><strong>4. Cookie haszn\u00e1lata<\/strong><\/p>\n\n\n\n<p>A cookie-k (s\u00fctik) olyan, bet\u0171 \u00e9s sz\u00e1m karakterekb\u0151l \u00e1ll\u00f3 kism\u00e9ret\u0171 f\u00e1jlok, amelyek online eszk\u00f6z\u00f6kre (pl. sz\u00e1m\u00edt\u00f3g\u00e9p merevlemez, telefon) ker\u00fclnek let\u00f6lt\u00e9sre, amikor a Felhaszn\u00e1l\u00f3 egyes weboldalakra bel\u00e9p. A cookie-k megengedik, hogy az adott honlap felismerje a Felhaszn\u00e1l\u00f3 online eszk\u00f6z\u00e9t, \u00edgy a honlap r\u00e9sz\u00e9re a Felhaszn\u00e1l\u00f3r\u00f3l egyedi inform\u00e1ci\u00f3k t\u00e1rol\u00f3dnak, p\u00e9ld\u00e1ul arr\u00f3l, hogy a Felhaszn\u00e1l\u00f3 melyik orsz\u00e1gban csatlakozott weboldalunkhoz, milyen b\u00f6ng\u00e9sz\u0151 szoftvert \u00e9s oper\u00e1ci\u00f3s rendszert haszn\u00e1l, mi az IP-c\u00edme, milyen oldalakat tekintett meg honlapunkon, mely funkci\u00f3kat haszn\u00e1lta. A legt\u00f6bb weboldal haszn\u00e1l ilyen cookie-kat.<br>Szem\u00e9lyes azonos\u00edt\u00e1sra alkalmas adatokat nem gy\u0171jt\u00fcnk, kiv\u00e9ve, ha azokat a Felhaszn\u00e1l\u00f3 \u00f6nk\u00e9nt adja meg. Az adatokat honlapunk tov\u00e1bb fejleszt\u00e9s\u00e9hez, l\u00e1togatotts\u00e1gunk elemz\u00e9s\u00e9hez, rekl\u00e1mstrat\u00e9gi\u00e1nkhoz haszn\u00e1ljuk fel.<br>A cookie-k lehetnek \u00e1lland\u00f3ak vagy ideiglenesek. Az \u00e1lland\u00f3 s\u00fctiket a b\u00f6ng\u00e9sz\u0151 egy meghat\u00e1rozott id\u0151pontig t\u00e1rolja, kiv\u00e9telt k\u00e9pez az az eset, ha a Felhaszn\u00e1l\u00f3 kor\u00e1bban t\u00f6rli azokat. Az ideiglenes cookie-t azonban a b\u00f6ng\u00e9sz\u0151 nem t\u00e1rolja, \u00edgy azok a b\u00f6ng\u00e9sz\u0151 bez\u00e1r\u00e1s\u00e1val automatikusan t\u00f6rl\u0151dnek.<br>Amennyiben a s\u00fcti elhelyez\u00e9s\u00e9hez \u00d6n nem j\u00e1rul hozz\u00e1, azt a saj\u00e1t b\u00f6ng\u00e9sz\u0151j\u00e9ben elv\u00e9gzett be\u00e1ll\u00edt\u00e1sok (tilt\u00e1s, visszavon\u00e1s) \u00fatj\u00e1n teheti meg. Ebben az esetben ez bizonyos szolg\u00e1ltat\u00e1sok ig\u00e9nybev\u00e9tel\u00e9t korl\u00e1tozhatja vagy megakad\u00e1lyozhatja.<strong><em>Hirdet\u00e9sekkel kapcsolatos inform\u00e1ci\u00f3k:<\/em><\/strong><em><br><\/em>K\u00fcls\u0151 szolg\u00e1ltat\u00f3k s\u00fctik haszn\u00e1lat\u00e1val jelen\u00edtenek meg hirdet\u00e9seket, a Felhaszn\u00e1l\u00f3nak a weboldalt \u00e9rint\u0151 kor\u00e1bbi l\u00e1togat\u00e1sai alapj\u00e1n.<br>Cookie-k a teljes\u00edtm\u00e9ny n\u00f6vel\u00e9s\u00e9hez adatokat gy\u0171jtenek arr\u00f3l, hogy a felhaszn\u00e1l\u00f3 hogyan haszn\u00e1lja a weboldalt. Google Analytics s\u00fctiket alkalmazunk, hogy min\u00e9l jobban meg\u00e9rts\u00fck felhaszn\u00e1l\u00f3ink viselked\u00e9s\u00e9t, ig\u00e9nyeit: mely aloldalakat, milyen rendszeress\u00e9ggel \u00e9s mennyi id\u0151re l\u00e1togattak meg. Ezek a cookie-k csak az \u00d6n sz\u00e1m\u00edt\u00f3g\u00e9p\u00e9t azonos\u00edtj\u00e1k, az adatok gy\u0171jt\u00e9se n\u00e9vtelen.<br>A c\u00e9lzott s\u00fctik lehet\u0151v\u00e9 teszik, hogy relev\u00e1ns hirdet\u00e9seket jelen\u00edts\u00fcnk meg a Felhaszn\u00e1l\u00f3 sz\u00e1m\u00e1ra. Ebben az esetben is az adatok gy\u0171jt\u00e9se n\u00e9vtelen.<br>A Felhaszn\u00e1l\u00f3k kikapcsolhatj\u00e1k a s\u00fctik haszn\u00e1lat\u00e1t, ha felkeresik a hirdet\u00e9s leiratkoz\u00e1si oldalt. Ezen a webhelyen a Google szolg\u00e1ltat fizetett hivatkoz\u00e1sokat, linkeket a weboldalra l\u00e1togat\u00f3knak. A l\u00e1togat\u00f3knak lehet\u0151s\u00e9g\u00fck van leiratkozni a cookiek-r\u00f3l.<\/p>\n\n\n\n<p><strong>5. Napl\u00f3\u00e1llom\u00e1nyok, Logfile-ok<\/strong><\/p>\n\n\n\n<p>A szolg\u00e1ltat\u00e1s ig\u00e9nybev\u00e9tele \u00e9rdek\u00e9ben a rendszer automatikusan napl\u00f3zza az al\u00e1bbi adatokat:<br>\u2013 A munka\u00e1llom\u00e1s (sz\u00e1m\u00edt\u00f3g\u00e9p) dinamikus IP-c\u00edme amir\u0151l a regisztr\u00e1ci\u00f3 t\u00f6rt\u00e9nik;<br>\u2013 A munka\u00e1llom\u00e1s be\u00e1ll\u00edt\u00e1sait\u00f3l f\u00fcgg\u0151en az \u00d6n \u00e1ltal haszn\u00e1lt b\u00f6ng\u00e9sz\u0151 \u00e9s oper\u00e1ci\u00f3srendszer t\u00edpusa;<br>\u2013 Az \u00d6n weboldallal kapcsolatos aktivit\u00e1sa.<\/p>\n\n\n\n<p><strong>Az adatkezel\u00e9s c\u00e9lja:<\/strong>&nbsp;A IV.\/6. pontban meghat\u00e1rozott adatok felhaszn\u00e1l\u00e1sa technikai c\u00e9lokat szolg\u00e1l (stabil m\u0171k\u00f6d\u00e9s biztos\u00edt\u00e1sa), tov\u00e1bb\u00e1 oldalhaszn\u00e1lati statisztik\u00e1k \u00e9s felhaszn\u00e1l\u00f3i ig\u00e9nyek elemz\u00e9s\u00e9re haszn\u00e1ljuk azokat.<br>A fenti adatok szem\u00e9lyi azonos\u00edt\u00e1sra nem alkalmasak, egy\u00e9b szem\u00e9lyes adatokkal nem kapcsoljuk \u00f6ssze azokat.<br><strong>Az adatkezel\u00e9s id\u0151tartama:<\/strong>&nbsp;A napl\u00f3\u00e1llom\u00e1nyokat a r\u00f6gz\u00edt\u00e9s\u00fck \u00e9s ki\u00e9rt\u00e9kel\u00e9s\u00fck ut\u00e1n 15 nappal t\u00f6r\u00f6lj\u00fck.<\/p>\n\n\n\n<p><strong>6. A fentiekt\u0151l elt\u00e9r\u0151 adatkezel\u00e9s<\/strong><\/p>\n\n\n\n<p>B\u00e1rmely nem\u0171 szem\u00e9lyes adatot, a fentiekt\u0151l elt\u00e9r\u0151 c\u00e9lb\u00f3l csak az adatkezel\u00e9si c\u00e9l el\u0151zetes meghat\u00e1roz\u00e1sa mellett \u00e9s an \u00d6n hozz\u00e1j\u00e1rul\u00e1sa alapj\u00e1n kezelhet\u00fcnk.<br>Ezek az adatok nem k\u00f6thet\u0151k \u00f6ssze az \u00d6n azonos\u00edt\u00e1s\u00e1ra szolg\u00e1l\u00f3 adatokkal \u00e9s az \u00d6n hozz\u00e1j\u00e1rul\u00e1sa n\u00e9lk\u00fcl nem adhat\u00f3k \u00e1t harmadik szem\u00e9ly sz\u00e1m\u00e1ra.<br>Ezen adatokat k\u00f6telesek vagyunk nyilv\u00e1ntart\u00e1sunkb\u00f3l t\u00f6r\u00f6lni, ha az adatkezel\u00e9si c\u00e9l megsz\u0171nt, vagy \u00d6n a hozz\u00e1j\u00e1rul\u00e1s\u00e1t visszavonja.<\/p>\n\n\n\n<p><strong>V.<\/strong>&nbsp;<strong>Az adatkezel\u0151k \u00e9s feldolgoz\u00f3k adatai:<\/strong><\/p>\n\n\n\n<p>A weblap f\u00fcggetlen l\u00e1togatotts\u00e1gi \u00e9s egy\u00e9b webanalitikai adatainak kinyer\u00e9se \u00e9rdek\u00e9ben Google Analytics szoftvert haszn\u00e1lunk, ez\u00e9rt ezen adatok feldolgoz\u00e1s\u00e1ban a Google Inc., mint adatfeldolgoz\u00f3 j\u00e1r el.<\/p>\n\n\n\n<p>A weblap haszn\u00e1lat\u00e1val \u00d6n hozz\u00e1j\u00e1rul\u00e1s\u00e1t adja az adatai Google \u00e1ltal t\u00f6rt\u00e9n\u0151 feldolgoz\u00e1s\u00e1hoz.<\/p>\n\n\n\n<p><strong><em>1. A t\u00e1rhelyszolg\u00e1ltat\u00f3 adatai:<\/em><\/strong><\/p>\n\n\n\n<p><strong>C\u00e9gn\u00e9v:<\/strong>&nbsp;T\u00e1rhely.Eu Szolg\u00e1ltat\u00f3 Korl\u00e1tolt Felel\u0151ss\u00e9g\u0171 T\u00e1rsas\u00e1g<br><strong>Sz\u00e9khely:<\/strong>&nbsp;1144 Budapest, Orm\u00e1ns\u00e1g utca 4. X. em. 241.;<br><strong>Telefon:<\/strong>&nbsp;+36 1&nbsp;789 2789<br><strong>Ad\u00f3sz\u00e1m:<\/strong>&nbsp;14571332-2-42<br><strong>Az adatfeldolgoz\u00e1s tartalma:<\/strong>&nbsp;webhosting<br><strong><em><br>2. A weboldal IT \u00fczemeltet\u00e9s\u00e9t, fejleszt\u00e9s\u00e9t egy \u00e1ltalunk megb\u00edzott jogi szem\u00e9ly v\u00e9gzi:<\/em><\/strong><\/p>\n\n\n\n<p><strong>N\u00e9v:<\/strong>&nbsp;Buj\u00e1ki Barbara EV.<br><strong>Ad\u00f3sz\u00e1m:&nbsp;<\/strong>68943174-2-26<strong><br>Sz\u00e9khely:<\/strong>&nbsp;6821 Sz\u00e9kkutas, M\u00f3ricz Zsigmond utca 1.<br><strong>Telefon:<\/strong>&nbsp;+36 30 943 5121<br><strong>E-mail:<\/strong>&nbsp;info@bujakibarbara.hu<\/p>\n\n\n\n<p><strong><em>3. A sz\u00e1ml\u00e1z\u00e1shoz a Szamlazz.hu weboldalt haszn\u00e1ljuk, melynek \u00fczemeltet\u0151je:<\/em>N\u00e9v:<\/strong>&nbsp;KBOSS.hu Kereskedelmi \u00e9s Szolg\u00e1ltat\u00f3 Korl\u00e1tolt Felel\u0151ss\u00e9g\u0171 T\u00e1rsas\u00e1g (KBOSS.hu Kft.)<br><br><strong>Sz\u00e9khely:<\/strong>&nbsp;1031 Budapest, Z\u00e1hony utca 7.<br><strong>C\u00e9gjegyz\u00e9ksz\u00e1m:<\/strong>&nbsp;01-09-303201<br><strong>Ad\u00f3sz\u00e1m:<\/strong>&nbsp;13421739-2-41<br><strong>E-mail:<\/strong><a href=\"mailto:info@szamlazz.hu\"> info@szamlazz.hu<\/a><\/p>\n\n\n\n<p>Tov\u00e1bb\u00e1 fenntartjuk, hogy a felsoroltakon k\u00edv\u00fcl tov\u00e1bbi adatfeldolgoz\u00f3kat vegy\u00fcnk ig\u00e9nybe. Ezen adatfeldolgoz\u00f3k adatait (n\u00e9v, c\u00edm) legk\u00e9s\u0151bb az adatfeldolgoz\u00e1s megkezd\u00e9sekor a Felhaszn\u00e1l\u00f3k sz\u00e1m\u00e1ra el\u00e9rhet\u0151 m\u00f3don k\u00f6zz\u00e9tessz\u00fck.<\/p>\n\n\n\n<p><strong>4. A szem\u00e9lyes adatok megismer\u00e9s\u00e9re jogosultak<\/strong><\/p>\n\n\n\n<p>Azon saj\u00e1t alkalmazottjaink, megb\u00edzottjaink \u00e9s k\u00f6zrem\u0171k\u00f6d\u0151ink, akiknek munkak\u00f6teless\u00e9g\u00fck \u00e9s feladataik ell\u00e1t\u00e1s\u00e1hoz a kezelt adatok megismer\u00e9s\u00e9hez sz\u00fcks\u00e9g\u00fck van. Ezen t\u00e9nyt figyelembe v\u00e9ve, k\u00f6teless\u00e9g\u00fcnk biztos\u00edtani, hogy az \u00e1ltalunk kezelt adatok megismer\u00e9s\u00e9re jogosultak mindenkor betarts\u00e1k a jelen adatkezel\u00e9si t\u00e1j\u00e9koztat\u00f3ban, valamint az ir\u00e1nyad\u00f3 jogszab\u00e1lyokban foglalt el\u0151\u00edr\u00e1sokat.<\/p>\n\n\n\n<p><strong>VI. Az \u00d6n adatkezel\u00e9ssel kapcsolatos jogai<\/strong><\/p>\n\n\n\n<p><strong>1. T\u00e1j\u00e9koztat\u00e1s k\u00e9r\u00e9s\u00e9hez val\u00f3 jog<\/strong><\/p>\n\n\n\n<p><strong>a)<\/strong>&nbsp;Az \u00d6n k\u00e9r\u00e9s\u00e9re, k\u00e9sedelem n\u00e9lk\u00fcl, de legk\u00e9s\u0151bb a k\u00e9relme beny\u00fajt\u00e1s\u00e1t\u00f3l 25 napon bel\u00fcl &nbsp;\u00edr\u00e1sban \u2013 ide \u00e9rtve az elektronikus kommunik\u00e1ci\u00f3t is \u2013 t\u00e1j\u00e9koztatjuk az \u00e1ltalunk kezelt, illetve az \u00e1ltalunk megb\u00edzott adatfeldolgoz\u00f3 \u00e1ltal feldolgozott adatair\u00f3l, azok forr\u00e1s\u00e1r\u00f3l, az adatkezel\u00e9s c\u00e9lj\u00e1r\u00f3l, jogalapj\u00e1r\u00f3l, id\u0151tartam\u00e1r\u00f3l, az adatfeldolgoz\u00f3 nev\u00e9r\u0151l, c\u00edm\u00e9r\u0151l \u00e9s az adatfeldolgoz\u00e1ssal \u00f6sszef\u00fcgg\u0151 tev\u00e9kenys\u00e9gr\u0151l, illetve; szem\u00e9lyes adatainak tov\u00e1bb\u00edt\u00e1sa eset\u00e9n az adattov\u00e1bb\u00edt\u00e1s jogalapj\u00e1r\u00f3l \u00e9s c\u00edmzettj\u00e9r\u0151l.<\/p>\n\n\n\n<p><strong>b)<\/strong>&nbsp;A t\u00e1j\u00e9koztat\u00e1s d\u00edjmentes. Egy\u00e9rtelm\u0171en megalapozatlan vagy t\u00falz\u00f3 k\u00e9relem eset\u00e9n (k\u00fcl\u00f6n\u00f6s tekintettel, ha az ism\u00e9tl\u0151d\u0151 jelleggel t\u00f6rt\u00e9nik), a k\u00e9rt inform\u00e1ci\u00f3 vagy t\u00e1j\u00e9koztat\u00e1s ny\u00fajt\u00e1s\u00e1val, vagy a k\u00e9rt int\u00e9zked\u00e9s v\u00e9grehajt\u00e1s\u00e1val j\u00e1r\u00f3 adminisztrat\u00edv k\u00f6lts\u00e9geket figyelembe v\u00e9ve:<br>\u2013 \u00e9sszer\u0171 \u00f6sszeg\u0171 d\u00edjat sz\u00e1molhatunk fel;<br>\u2013 megtagadhatjuk a k\u00e9relem alapj\u00e1n t\u00f6rt\u00e9n\u0151 int\u00e9zked\u00e9st. A k\u00e9relem megalapozatlan, vagy t\u00falz\u00f3 jelleg\u00e9nek bizony\u00edt\u00e1s\u00e1nak felel\u0151ss\u00e9ge minden esetben a <strong>Salaplast Kft.<\/strong>-t terheli.<\/p>\n\n\n\n<p><strong>2. T\u00e1j\u00e9koztat\u00e1s k\u00e9r\u00e9s\u00e9hez val\u00f3 jog<\/strong><\/p>\n\n\n\n<p><strong>a)<\/strong>&nbsp;K\u00f6telesek vagyunk t\u00f6r\u00f6lni a szem\u00e9lyes adatokat, ha<br>\u2013 kezel\u00e9se jogellenes;<br>\u2013 \u00d6n visszavonja az adatkezel\u00e9s alapj\u00e1t jelent\u0151 hozz\u00e1j\u00e1rul\u00e1s\u00e1t, k\u00e9ri adatainak t\u00f6rl\u00e9s\u00e9t \u00e9s az adatkezel\u00e9snek nincs egy\u00e9b jogalapja;<br>\u2013 az adatok hi\u00e1nyosak, vagy t\u00e9vesek;<br>\u2013 az adatkezel\u00e9s c\u00e9lja megsz\u0171nt, vagy a jogszer\u0171 t\u00e1rol\u00e1s hat\u00e1rideje lej\u00e1rt<br>\u2013 az adatok t\u00f6rl\u00e9s\u00e9t az illet\u00e9kes b\u00edr\u00f3s\u00e1g vagy hat\u00f3s\u00e1g elrendelte.<\/p>\n\n\n\n<p><strong>b)<\/strong>&nbsp;T\u00f6rl\u00e9s helyett z\u00e1rolhatjuk adatait, ha ezt k\u00e9ri, vagy, ha a rendelkez\u00e9sre \u00e1ll\u00f3 inform\u00e1ci\u00f3k, nyilatkozatok alapj\u00e1n a t\u00f6rl\u00e9s s\u00e9rten\u00e9 az \u00d6n jogos \u00e9rdekeit. Az ily m\u00f3don z\u00e1rolt adatok addig kezelhet\u0151ek, ameddig fenn\u00e1ll az adatkezel\u00e9si c\u00e9l, mely az adatok t\u00f6rl\u00e9s\u00e9t kiz\u00e1rta.<\/p>\n\n\n\n<p><strong>3. Hozz\u00e1f\u00e9r\u00e9shez val\u00f3 jog<\/strong><\/p>\n\n\n\n<p>\u00d6n jogosult arra, hogy visszajelz\u00e9st kapjon t\u0151l\u00fcnk arra vonatkoz\u00f3an, hogy szem\u00e9lyes adatainak kezel\u00e9se \u00e9ppen folyamatban van-e \u00e9s, ha igen, akkor jogosult arra, hogy szem\u00e9lyes adatokhoz \u00e9s az al\u00e1bbi inform\u00e1ci\u00f3khoz hozz\u00e1f\u00e9r\u00e9st kapjon:<br>\u2013 adatkezel\u00e9s c\u00e9lja;<br>\u2013 \u00e9rintett szem\u00e9lyes adatok kateg\u00f3ri\u00e1i;<br>\u2013 azon adatkezel\u00e9sben \u00e9rintettek szem\u00e9lye, akikkel k\u00f6z\u00f6lt\u00fck vagy k\u00f6z\u00f6lni fogjuk szem\u00e9lyes adatait valamilyen fentebbi adatkezel\u00e9si c\u00e9l(ok) ok\u00e1n;<br>\u2013 szem\u00e9lyes adatok t\u00e1rol\u00e1s\u00e1nak id\u0151tartama, amennyiben ez nem lehets\u00e9ges, akkor az id\u0151tartam meghat\u00e1roz\u00e1s\u00e1nak szempontjai.<\/p>\n\n\n\n<p><strong>Jogosult tov\u00e1bb\u00e1:<\/strong><br>\u2013 k\u00e9relmezheti t\u0151l\u00fcnk az \u00d6nre vonatkoz\u00f3 adatok helyesb\u00edt\u00e9s\u00e9t, t\u00f6rl\u00e9s\u00e9t, vagy kezel\u00e9s\u00e9nek korl\u00e1toz\u00e1s\u00e1t \u00e9s megtagadhatja szem\u00e9lyes adatainak kezel\u00e9s\u00e9t;<br>\u2013 valamely fel\u00fcgyeleti hat\u00f3s\u00e1ghoz c\u00edmzett panasz beny\u00fajt\u00e1s\u00e1ra; ha az adatok nem \u00d6nt\u0151l, vagy meghatalmazottj\u00e1t\u00f3l gy\u0171jt\u00f6tt\u00fck Az adatkezel\u00e9s t\u00e1rgy\u00e1t k\u00e9pz\u0151 szem\u00e9lyes adatok m\u00e1solat\u00e1t az \u00d6n rendelkez\u00e9s\u00e9re bocs\u00e1jtjuk. Az \u00d6n \u00e1ltal ig\u00e9nyelt tov\u00e1bbi m\u00e1solatok\u00e9rt az adminisztrat\u00edv k\u00f6lts\u00e9geken alapul\u00f3, racion\u00e1lis m\u00e9rt\u00e9k\u0171 d\u00edjat sz\u00e1m\u00edtunk fel. Amennyiben elektronikusan ny\u00fajtotta be adatszolg\u00e1ltat\u00e1si ig\u00e9ny\u00e9t, \u00fagy a r\u00e9sz\u00fcnkr\u0151l is elektronikus form\u00e1ban k\u00fcldj\u00fck meg a k\u00e9rt inform\u00e1ci\u00f3kat, ha \u00d6n m\u00e1sk\u00e9pp nem k\u00e9ri.<\/p>\n\n\n\n<p><strong>4. Helyesb\u00edt\u00e9shez val\u00f3 jog<\/strong><\/p>\n\n\n\n<p>K\u00e9r\u00e9s\u00e9re indokolatlan k\u00e9sedelem n\u00e9lk\u00fcl helyesb\u00edtj\u00fck az \u00f6nre vonatkoz\u00f3 szem\u00e9lyes adatokat.<\/p>\n\n\n\n<p><strong>5.&nbsp;Tiltakoz\u00e1shoz val\u00f3 jog<\/strong><\/p>\n\n\n\n<p>\u00d6n tiltakozhat szem\u00e9lyes adatainak kezel\u00e9se ellen, ha:<br>\u2013 a szem\u00e9lyes adatok kezel\u00e9se vagy tov\u00e1bb\u00edt\u00e1sa kiz\u00e1r\u00f3lag jogi k\u00f6telezetts\u00e9g\u00fcnk teljes\u00edt\u00e9s\u00e9hez vagy harmadik szem\u00e9ly jogos \u00e9rdek\u00e9nek \u00e9rv\u00e9nyes\u00edt\u00e9s\u00e9hez sz\u00fcks\u00e9ges, kiv\u00e9ve k\u00f6telez\u0151 adatkezel\u00e9s eset\u00e9n;<br>\u2013 ha a szem\u00e9lyes adat felhaszn\u00e1l\u00e1sa vagy tov\u00e1bb\u00edt\u00e1sa \u00fczletszerz\u00e9si, k\u00f6zv\u00e9lem\u00e9ny-kutat\u00e1s vagy tudom\u00e1nyos kutat\u00e1s c\u00e9lj\u00e1b\u00f3l t\u00f6rt\u00e9nik;<br>\u2013 t\u00f6rv\u00e9nyben meghat\u00e1rozott egy\u00e9b esetben. Az adatkezel\u00e9s egyidej\u0171 felf\u00fcggeszt\u00e9s\u00e9vel a tiltakoz\u00e1si k\u00e9relem beny\u00fajt\u00e1s\u00e1t\u00f3l sz\u00e1m\u00edtott maximum 15 napon bel\u00fcl megvizsg\u00e1ljuk k\u00e9relm\u00e9t, \u00e9s annak eredm\u00e9ny\u00e9r\u0151l \u00edr\u00e1sban t\u00e1j\u00e9koztatjuk \u00d6nt.<br>Amennyiben a tiltakoz\u00e1s indokolt, k\u00f6telesek vagyunk megsz\u00fcntetni az adatkezel\u00e9st \u00e9s az adatokat z\u00e1rolni, valamint a tiltakoz\u00e1sr\u00f3l, valamint, annak alapj\u00e1n tett int\u00e9zked\u00e9sekr\u0151l \u00e9rtes\u00edteni mindazokat, akik r\u00e9sz\u00e9re a tiltakoz\u00e1ssal \u00e9rintett szem\u00e9lyes adatot kor\u00e1bban tov\u00e1bb\u00edtottuk \u00e9s azokat, akik k\u00f6telesek int\u00e9zkedni a tiltakoz\u00e1si jog \u00e9rv\u00e9nyes\u00edt\u00e9se \u00e9rdek\u00e9ben.<br>Amennyiben d\u00f6nt\u00e9s\u00fcnkkel nem \u00e9rt egyet, valamint a 15 napos hat\u00e1rid\u0151t t\u00fall\u00e9pj\u00fck, a d\u00f6nt\u00e9ssel kapcsolatban (a d\u00f6nt\u00e9s k\u00f6zl\u00e9s\u00e9t\u0151l, illetve a hat\u00e1rid\u0151 utols\u00f3 napj\u00e1t\u00f3l sz\u00e1m\u00edtott 30 napon bel\u00fcl) b\u00edr\u00f3s\u00e1ghoz fordulhat.<\/p>\n\n\n\n<p><strong>6.&nbsp;Az adatkezel\u00e9s korl\u00e1toz\u00e1s\u00e1hoz val\u00f3 jog<\/strong><\/p>\n\n\n\n<p>Korl\u00e1tozzuk az adatkezel\u00e9s, amennyiben az al\u00e1bbiak valamelyike teljes\u00fcl:<\/p>\n\n\n\n<p>\u2013 \u00d6n vitatja a szem\u00e9lyes adatai pontoss\u00e1g\u00e1t;<br>\u2013 Az adatkezel\u00e9s jogellenes \u00e9s \u00d6n ellenezi az adatok t\u00f6rl\u00e9s\u00e9t, helyette k\u00e9ri az adatok felhaszn\u00e1l\u00e1s\u00e1nak korl\u00e1toz\u00e1s\u00e1t. Ha \u00d6n tiltakozott az adatkezel\u00e9s ellen \u00e9s az adatkezel\u00e9s korl\u00e1toz\u00e1s al\u00e1 esik, akkor az ilyen szem\u00e9lyes adatokat a t\u00e1rol\u00e1s kiv\u00e9tel\u00e9vel, csak az \u00d6n hozz\u00e1j\u00e1rul\u00e1s\u00e1val, vagy jogi ig\u00e9ny\u00e9nek el\u0151terjeszt\u00e9s\u00e9vel, \u00e9rv\u00e9nyes\u00edt\u00e9s\u00e9hez vagy v\u00e9delm\u00e9hez, vagy m\u00e1s term\u00e9szetes vagy jogi szem\u00e9ly jogainak v\u00e9delme \u00e9rdek\u00e9ben vagy Unio, illetve valamely tag\u00e1llam\u00e1nak fontos k\u00f6z\u00e9rdek\u00e9b\u0151l lehet kezelni.<\/p>\n\n\n\n<p><strong>7.&nbsp;Adathordoz\u00e1shoz val\u00f3 jog<\/strong><\/p>\n\n\n\n<p>\u00d6n jogosult arra, hogy a rendelkez\u00e9s\u00fcnkre bocs\u00e1jtott szem\u00e9lyes adatait rendezett, sz\u00e9les k\u00f6rben haszn\u00e1lt, g\u00e9ppel olvashat\u00f3 form\u00e1tumban megkapja, ha az adatkezel\u00e9s az \u00f6n hozz\u00e1j\u00e1rul\u00e1s\u00e1val t\u00f6rt\u00e9nik, vagy szerz\u0151d\u00e9sen alapszik.<\/p>\n\n\n\n<p>Ha a helyesb\u00edt\u00e9s, korl\u00e1toz\u00e1s vagy t\u00f6rl\u00e9s ir\u00e1nti k\u00e9relme nem teljes\u00edthet\u0151, akkor a k\u00e9relem k\u00e9zhezv\u00e9tel\u00e9t\u0151l sz\u00e1m\u00edtva 25 napon bel\u00fcl \u00edr\u00e1sban t\u00e1j\u00e9koztatjuk annak elutas\u00edt\u00e1s\u00e1r\u00f3l \u00e9s az elutas\u00edt\u00e1s t\u00e9nybeli \u00e9s jogi okair\u00f3l. Az \u00d6n jelen VIII. pontban meghat\u00e1rozott jogait t\u00f6rv\u00e9ny korl\u00e1tozhatja az \u00e1llam k\u00fcls\u0151 \u00e9s bels\u0151 biztons\u00e1ga, \u00edgy a honv\u00e9delem, a nemzetbiztons\u00e1g, a b\u0171ncselekm\u00e9nyek megel\u0151z\u00e9s vagy \u00fcld\u00f6z\u00e9se, a b\u00fcntet\u00e9s-v\u00e9grehajt\u00e1s biztons\u00e1ga \u00e9rdek\u00e9ben, valamint \u00e1llami vagy \u00f6nkorm\u00e1nyzati gazdas\u00e1gi \u00e9rdekb\u0151l, valamint a foglalkoz\u00e1sok gyakorl\u00e1s\u00e1val \u00f6sszef\u00fcgg\u0151 fegyelmi \u00e9s etikai v\u00e9ts\u00e9gek, a munkajogi \u00e9s munkav\u00e9delmi k\u00f6telezetts\u00e9gszeg\u00e9seik megel\u0151z\u00e9se \u00e9s felt\u00e1r\u00e1sa c\u00e9lj\u00e1b\u00f3l, valamint az \u00d6n \u00e9s m\u00e1sok jogainak \u00e9rdek\u00e9ben.<\/p>\n\n\n\n<p><strong>VII. Jogorvoslati lehet\u0151s\u00e9gek<\/strong><\/p>\n\n\n\n<p>Az \u00e9rintett a jogainak megs\u00e9rt\u00e9se eset\u00e9n az adatkezel\u0151 ellen b\u00edr\u00f3s\u00e1ghoz fordulhat. A b\u00edr\u00f3s\u00e1g az \u00fcgyben soron k\u00edv\u00fcl j\u00e1r el.<\/p>\n\n\n\n<p>Panasszal a Nemzeti Adatv\u00e9delmi \u00e9s Inform\u00e1ci\u00f3szabads\u00e1g Hat\u00f3s\u00e1gn\u00e1l lehet \u00e9lni:<\/p>\n\n\n\n<p><strong>N\u00e9v:&nbsp;<\/strong>Nemzeti Adatv\u00e9delmi \u00e9s Inform\u00e1ci\u00f3szabads\u00e1g Hat\u00f3s\u00e1g<br><strong>Sz\u00e9khely:<\/strong>&nbsp;1125 Budapest, Szil\u00e1gyi Erzs\u00e9bet fasor 22\/C.<br><strong>Levelez\u00e9si c\u00edm:&nbsp;<\/strong>1530 Budapest, Pf.: 5.<br><strong>Telefon:<\/strong>&nbsp;0613911400<br><strong>Fax:<\/strong>&nbsp;0613911410<br><strong>E-mail:<\/strong>&nbsp;<a href=\"mailto:ugyfelszolgalat@naih.hu\">ugyfelszolgalat@naih.hu<\/a><br><strong>Honlap:<\/strong>&nbsp;<a href=\"http:\/\/www.naih.hu\/\">http:\/\/www.naih.hu<\/a><\/p>\n[\/et_pb_text][\/et_pb_column]\n\t\t\t[\/et_pb_row]\n\t\t[\/et_pb_section]","protected":false},"excerpt":{"rendered":"<p>A Salaplast Kft. (a tov\u00e1bbiakban: Adatkezel\u0151), mint adatkezel\u0151 az Eur\u00f3pai Uni\u00f3 2016\/679 sz\u00e1m\u00fa \u00c1ltal\u00e1nos Adatv\u00e9delmi Rendelete (a tov\u00e1bbiakban: Rendelet) alapj\u00e1n ny\u00fajtja eme t\u00e1j\u00e9koztat\u00e1st a https:\/\/salaplast.hu weboldalon t\u00f6rt\u00e9n\u0151 \u00e1raj\u00e1nlatk\u00e9r\u00e9sekkel, megrendel\u00e9sekkel birtok\u00e1ba jut\u00f3 adatok kezel\u00e9s\u00e9r\u0151l. I. \u00c1ltal\u00e1nos rendelkez\u00e9sek A https:\/\/salaplast.hu oldalon t\u00f6rt\u00e9n\u0151 aj\u00e1nlatk\u00e9r\u00e9ssel mag\u00e1ra n\u00e9zve k\u00f6telez\u0151nek tartva fogadja el jelen adatkezel\u00e9si szab\u00e1lyzat rendelkez\u00e9seit. \u2013 Az Adatkezel\u0151r\u0151l: Teljes [&hellip;]<\/p>\n","protected":false},"author":1,"featured_media":0,"parent":0,"menu_order":0,"comment_status":"closed","ping_status":"closed","template":"","meta":{"_et_pb_use_builder":"on","_et_pb_old_content":"<!-- wp:paragraph -->\n<p>A <strong>Salaplast Kft.<\/strong> (a tov\u00e1bbiakban: Adatkezel\u0151), mint adatkezel\u0151 az Eur\u00f3pai Uni\u00f3 2016\/679 sz\u00e1m\u00fa \u00c1ltal\u00e1nos Adatv\u00e9delmi Rendelete (a tov\u00e1bbiakban: Rendelet) alapj\u00e1n ny\u00fajtja eme t\u00e1j\u00e9koztat\u00e1st a <a href=\"https:\/\/salaplast.hu\">https:\/\/salaplast.hu<\/a> weboldalon t\u00f6rt\u00e9n\u0151 \u00e1raj\u00e1nlatk\u00e9r\u00e9sekkel, megrendel\u00e9sekkel birtok\u00e1ba jut\u00f3 adatok kezel\u00e9s\u00e9r\u0151l.<\/p>\n<!-- \/wp:paragraph -->\n\n<!-- wp:paragraph -->\n<p><strong>I. \u00c1ltal\u00e1nos rendelkez\u00e9sek<\/strong><\/p>\n<!-- \/wp:paragraph -->\n\n<!-- wp:paragraph -->\n<p>A https:\/\/salaplast.hu oldalon t\u00f6rt\u00e9n\u0151 aj\u00e1nlatk\u00e9r\u00e9ssel mag\u00e1ra n\u00e9zve k\u00f6telez\u0151nek tartva fogadja el jelen adatkezel\u00e9si szab\u00e1lyzat rendelkez\u00e9seit.<\/p>\n<!-- \/wp:paragraph -->\n\n<!-- wp:paragraph -->\n<p>\u2013 <strong>Az Adatkezel\u0151r\u0151l:<\/strong><\/p>\n<!-- \/wp:paragraph -->\n\n<!-- wp:paragraph -->\n<p><strong>Teljes neve:<\/strong>&nbsp;Salaplast M\u0171anyagipari Korl\u00e1tolt Felel\u0151ss\u00e9g\u0171 T\u00e1rsas\u00e1g<\/p>\n<!-- \/wp:paragraph -->\n\n<!-- wp:paragraph -->\n<p><strong>R\u00f6vid\u00edtett neve:<\/strong>\u00a0Salaplast Kft.<br><strong>Sz\u00e9khelye:<\/strong>\u00a06728 Szeged, Vass M\u00e1ty\u00e1s \u00fat 17.<br><strong>Ad\u00f3sz\u00e1m:<\/strong>\u00a026747129-2-06<br><strong>C\u00e9gjegyz\u00e9ksz\u00e1m:<\/strong> 06-09-025295<br><strong>Nyilv\u00e1ntart\u00f3 b\u00edr\u00f3s\u00e1g:<\/strong>\u00a0Szegedi T\u00f6rv\u00e9nysz\u00e9k C\u00e9gb\u00edr\u00f3s\u00e1ga<br><strong>Elektronikus kommunik\u00e1ci\u00f3:\u00a0<\/strong>info@salaplast.hu<br><strong>Levelez\u00e9si c\u00edm:<\/strong>\u00a06728 Szeged, Vass M\u00e1ty\u00e1s \u00fat 17.<\/p>\n<!-- \/wp:paragraph -->\n\n<!-- wp:list {\"ordered\":true,\"type\":\"1\"} -->\n<ol type=\"1\"><!-- wp:list-item -->\n<li>&nbsp;Jelen adatv\u00e9delmi t\u00e1j\u00e9koztat\u00f3 c\u00e9lja, hogy meghat\u00e1rozza a kezelt szem\u00e9lyes adatok k\u00f6r\u00e9t, az adatkezel\u00e9s m\u00f3dj\u00e1t, valamint biztos\u00edtsa az adatv\u00e9telem alkotm\u00e1nyos elveinek, az adatbiztons\u00e1g k\u00f6vetelm\u00e9nyeinek megval\u00f3sul\u00e1s\u00e1t, \u00e9s megakad\u00e1lyozza az adatokhoz val\u00f3 jogosulatlan hozz\u00e1f\u00e9r\u00e9st, az adatok \u00f6nk\u00e9nyes megv\u00e1ltoztat\u00e1s\u00e1t \u00e9s a jogosulatlan nyilv\u00e1noss\u00e1gra hozatal\u00e1t \u00e9s\/vagy felhaszn\u00e1l\u00e1s\u00e1t.<\/li>\n<!-- \/wp:list-item -->\n\n<!-- wp:list-item -->\n<li>&nbsp;A 2. bekezd\u00e9sben meghat\u00e1rozott c\u00e9l \u00e9rdek\u00e9ben az \u00d6n szem\u00e9lyes adatait bizalmasan, a hat\u00e1lyos jogszab\u00e1lyi k\u00f6rnyezetnek megfelel\u0151en kezelj\u00fck, gondoskodunk az adatok biztons\u00e1g\u00e1r\u00f3l, megtessz\u00fck azokat a technikai \u00e9s szervezeti int\u00e9zked\u00e9seket \u00e9s fejleszt\u00e9seket; tov\u00e1bb\u00e1 kialak\u00edtjuk azokat az elj\u00e1r\u00e1si szab\u00e1lyokat, amelyek a vonatkoz\u00f3 jogszab\u00e1lyi rendelkez\u00e9sek \u00e9rv\u00e9nyes\u00edt\u00e9s\u00e9hez sz\u00fcks\u00e9gesek.<\/li>\n<!-- \/wp:list-item --><\/ol>\n<!-- \/wp:list -->\n\n<!-- wp:paragraph -->\n<p><strong>II. Jogszab\u00e1lyi h\u00e1tt\u00e9r<\/strong><\/p>\n<!-- \/wp:paragraph -->\n\n<!-- wp:paragraph -->\n<p>A <strong>Salaplast Kft.<\/strong> \u00e1ltal t\u00f6rt\u00e9n\u0151 adatkezel\u00e9sre, els\u0151sorban az al\u00e1bbi jogszab\u00e1lyokban r\u00f6gz\u00edtett rendelkez\u00e9sek az ir\u00e1nyad\u00f3ak:<\/p>\n<!-- \/wp:paragraph -->\n\n<!-- wp:paragraph -->\n<p>\u2013 a Polg\u00e1ri T\u00f6rv\u00e9nyk\u00f6nyvr\u0151l sz\u00f3l\u00f3 2013. \u00e9vi V. t\u00f6rv\u00e9ny 2:43\u00a7;<br>\u2013 az inform\u00e1ci\u00f3s \u00f6nrendelkez\u00e9si jogr\u00f3l \u00e9s az inform\u00e1ci\u00f3szabads\u00e1gr\u00f3l sz\u00f3l\u00f3 2011. \u00e9vi CXII. tv. (\u201e Info. tv.\u201d);<br>\u2013 az Eur\u00f3pai Parlament \u00e9s a Tan\u00e1cs (EU) 2016\/679 Rendelete (\u201eGDPR\u201d)<br>\u2013 az elektronikus kereskedelmi szolg\u00e1ltat\u00e1sok, valamint inform\u00e1ci\u00f3s t\u00e1rsadalommal \u00f6sszef\u00fcgg\u0151 szolg\u00e1ltat\u00e1sok egyes k\u00e9rd\u00e9seir\u0151l sz\u00f3l\u00f3 2001. \u00e9vi CVIII. tv. (\u201eEker. tv.\u201d);<br>\u2013 a gazdas\u00e1gi rekl\u00e1mtev\u00e9kenys\u00e9g alapvet\u0151 felt\u00e9teleir\u0151l \u00e9s egyes korl\u00e1tair\u00f3l sz\u00f3l\u00f3 2008. \u00e9vi XLVIII. tv. (\u201eGrt. tv.\u201d)<br>\u2013 az egy\u00e9nek v\u00e9delm\u00e9r\u0151l a szem\u00e9lyes adatok g\u00e9pi feldolgoz\u00e1sa sor\u00e1n, Strasbourgban, 1981. janu\u00e1r 28. napj\u00e1n kelt Egyezm\u00e9ny kihirdet\u00e9s\u00e9r\u0151l sz\u00f3l\u00f3 1998. \u00e9vi VI. t\u00f6rv\u00e9ny;<br>\u2013 a kutat\u00e1s \u00e9s a k\u00f6zvetlen \u00fczletszerz\u00e9s c\u00e9lj\u00e1t szolg\u00e1l\u00f3 n\u00e9v- \u00e9s lakc\u00edmadatok kezel\u00e9s\u00e9r\u0151l sz\u00f3l\u00f3 1995. \u00e9vi CXIX. T\u00f6rv\u00e9ny (\u201eKatv.\u201d)&nbsp;<\/p>\n<!-- \/wp:paragraph -->\n\n<!-- wp:paragraph -->\n<p><strong>III. Az adatkezel\u00e9s jogalapja<\/strong><\/p>\n<!-- \/wp:paragraph -->\n\n<!-- wp:paragraph -->\n<p>Szem\u00e9lyes adatait a hat\u00e1lyos adatv\u00e9delemre vonatkoz\u00f3 jogszab\u00e1lyoknak megfelel\u0151en az al\u00e1bbi jogc\u00edmeken kezelj\u00fck: \u2013 GDPR 6. cikk (1) bek. a.) pont alapj\u00e1n: az \u00d6n -megfelel\u0151 t\u00e1j\u00e9koztat\u00e1son alapul\u00f3- \u00f6nk\u00e9ntes hozz\u00e1j\u00e1rul\u00e1sa;<br>\u2013 GDPR 6. cikk (1) bekezd\u00e9s b.) pontja alapj\u00e1n: az adatkezel\u00e9s olyan szerz\u0151d\u00e9s teljes\u00edt\u00e9s\u00e9hez sz\u00fcks\u00e9ges, amelyben az Aj\u00e1nlatk\u00e9r\u0151, mint \u00e9rintett az egyik f\u00e9l (szerz\u0151d\u00e9s teljes\u00edt\u00e9se)<br>\u2013 a GDPR 6. cikk (1) bekezd\u00e9s c) pontja alapj\u00e1n: az adatkezel\u00e9s az adatkezel\u0151re vonatkoz\u00f3 jogi k\u00f6telezetts\u00e9g teljes\u00edt\u00e9s\u00e9hez sz\u00fcks\u00e9ges (mint p\u00e9ld\u00e1ul sz\u00e1mviteli, k\u00f6nyvviteli k\u00f6telezetts\u00e9g teljes\u00edt\u00e9se (Jogi k\u00f6telezetts\u00e9g teljes\u00edt\u00e9se);<br>\u2013 az elektronikus kereskedelmi szolg\u00e1ltat\u00e1sok, valamint az inform\u00e1ci\u00f3s t\u00e1rsadalommal \u00f6sszef\u00fcgg\u0151 szolg\u00e1ltat\u00e1sok egyes k\u00e9rd\u00e9seir\u0151l sz\u00f3l\u00f3 2001. \u00e9vi CVIII. tv. (tov\u00e1bbiakban: Eker tv.) 13\/A \u00a7-a alapj\u00e1n, amelynek \u00e9rtelm\u00e9ben, a Felhaszn\u00e1l\u00f3 hozz\u00e1j\u00e1rul\u00e1sa n\u00e9lk\u00fcl kezelhet\u0151k a Felhaszn\u00e1l\u00f3k sz\u00e1ml\u00e1z\u00e1si adatait, (n\u00e9v, utca\/h\u00e1zsz\u00e1m, v\u00e1ros, k\u00f6rzetsz\u00e1m, ad\u00f3sz\u00e1m, telefonsz\u00e1m) kisz\u00e1ll\u00edt\u00e1si adatait (n\u00e9v, utca\/h\u00e1zsz\u00e1m, v\u00e1ros, k\u00f6rzetsz\u00e1m, telefonsz\u00e1m), valamint a kapcsolattart\u00f3 term\u00e9szetes szem\u00e9ly nev\u00e9t, e-mail c\u00edm\u00e9t \u00e9s telefonsz\u00e1m\u00e1t, az inform\u00e1ci\u00f3s t\u00e1rsadalommal \u00f6sszef\u00fcgg\u0151 szolg\u00e1ltat\u00e1s ny\u00fajt\u00e1s\u00e1ra ir\u00e1nyul\u00f3 szerz\u0151d\u00e9s l\u00e9trehoz\u00e1sa, tartalm\u00e1nak meghat\u00e1roz\u00e1sa, m\u00f3dos\u00edt\u00e1sa, teljes\u00edt\u00e9s\u00e9nek figyelemmel k\u00eds\u00e9r\u00e9se, az abb\u00f3l sz\u00e1rmaz\u00f3 d\u00edjak sz\u00e1ml\u00e1z\u00e1sa, valamint az azzal kapcsolatos k\u00f6vetel\u00e9sek \u00e9rv\u00e9nyes\u00edt\u00e9se c\u00e9lj\u00e1b\u00f3l, tov\u00e1bb\u00e1 az Aj\u00e1nlatk\u00e9r\u0151 hozz\u00e1j\u00e1rul\u00e1s n\u00e9lk\u00fcl kezelhet\u0151k az Aj\u00e1nlatk\u00e9r\u0151 term\u00e9szetes, jogi szem\u00e9ly neve, c\u00edme, valamint a b\u00e9rleti jogviszony l\u00e9trej\u00f6tt\u00e9nek id\u0151pontj\u00e1ra, id\u0151tartam\u00e1ra \u00e9s hely\u00e9re vonatkoz\u00f3 adatok az inform\u00e1ci\u00f3s t\u00e1rsadalommal \u00f6sszef\u00fcgg\u0151 szolg\u00e1ltat\u00e1s ny\u00fajt\u00e1s\u00e1ra ir\u00e1nyul\u00f3 szerz\u0151d\u00e9sb\u0151l sz\u00e1rmaz\u00f3 d\u00edjak sz\u00e1ml\u00e1z\u00e1sa c\u00e9lj\u00e1b\u00f3l;<br>\u2013 a gazdas\u00e1gi rekl\u00e1mtev\u00e9kenys\u00e9g alapvet\u0151 felt\u00e9teleir\u0151l \u00e9s egyes korl\u00e1tair\u00f3l sz\u00f3l\u00f3 2008. \u00e9vi XLVIII. tv. 6. \u00a7 bekezd\u00e9se<\/p>\n<!-- \/wp:paragraph -->\n\n<!-- wp:paragraph -->\n<p><strong>IV. A kezelt adatok k\u00f6re, az adatkezel\u00e9s c\u00e9lja \u00e9s id\u0151tartama:<\/strong><\/p>\n<!-- \/wp:paragraph -->\n\n<!-- wp:list {\"ordered\":true} -->\n<ol><!-- wp:list-item -->\n<li> Felhaszn\u00e1l\u00f3k azonos\u00edt\u00e1sa, a felhaszn\u00e1l\u00f3k azonos\u00edt\u00e1sa \u00e9rdek\u00e9ben, az aj\u00e1nlatk\u00e9r\u00e9s sor\u00e1n az \u00d6n \u00e1ltal megadott szem\u00e9lyes adatait kezelj\u00fck, melyek megad\u00e1sa \u00e1raj\u00e1nlat k\u00e9r\u00e9s eset\u00e9n k\u00f6telez\u0151: <br>- Az \u00d6n neve <br>- E-mail c\u00edme<br>- Telefonsz\u00e1ma<\/li>\n<!-- \/wp:list-item --><\/ol>\n<!-- \/wp:list -->\n\n<!-- wp:paragraph -->\n<p><strong>Az adatkezel\u00e9s c\u00e9lja:<\/strong> A weboldal felhaszn\u00e1l\u00f3inak azonos\u00edt\u00e1sa, a szerz\u0151d\u00e9s l\u00e9trehoz\u00e1sa, az \u00e1raj\u00e1nlat ad\u00e1sa, \u00e1ru lesz\u00e1ll\u00edt\u00e1sa, azaz a szolg\u00e1ltat\u00f3i szerz\u0151d\u00e9s teljes\u00edt\u00e9se, valamint a partnerkapcsolati rel\u00e1ci\u00f3k \u00e9rt\u00e9kel\u00e9se.<br>T\u00e1j\u00e9koztatjuk, hogy amennyiben az adatszolg\u00e1ltat\u00e1st megtagadja, \u00fagy megrendel\u00e9s\u00e9t nem tudjuk feldolgozni.<br><strong>Az adatkezel\u00e9s jogalapja:<\/strong> GDPR 6. cikk (1) bekezd\u00e9s b.) pontja, azaz a IV.\/1. pontban r\u00f6gz\u00edtett k\u00f6telez\u0151 adatok megad\u00e1sa n\u00e9lk\u00fcl nem tudja v\u00e9grehajtani a regisztr\u00e1ci\u00f3t \u00e9s nem tud a Salaplast Kft.-vel szolg\u00e1ltat\u00e1si szerz\u0151d\u00e9st k\u00f6tni (\u00e1raj\u00e1nlatk\u00e9r\u00e9s, megrendel\u00e9s) tov\u00e1bb\u00e1 az EKER tv. 13\/a \u00a7.<br><strong>Az adatkezel\u00e9s id\u0151tartama:<\/strong> Az Felhaszn\u00e1l\u00f3 hozz\u00e1j\u00e1rul\u00e1s\u00e1nak visszavon\u00e1s\u00e1ig, vagy 5 \u00e9v. A hozz\u00e1j\u00e1rul\u00e1s visszavon\u00e1sa nem \u00e9rinti a visszavon\u00e1s el\u0151tt v\u00e9grehajtott adatkezel\u00e9s jogszer\u0171s\u00e9g\u00e9t.<br>A IV. pontban r\u00f6gz\u00edtetteken k\u00edv\u00fcl az \u00e1raj\u00e1nlatk\u00e9r\u00e9st k\u00f6vet\u0151en az al\u00e1bbi adatokat t\u00e1roljuk \u00e9s dolgozzuk fel a Felhaszn\u00e1l\u00f3val kapcsolatban:<br>\u2013 az aj\u00e1nlatk\u00e9r\u00e9sben megjel\u00f6lt term\u00e9kek t\u00edpus\u00e1t \u00e9s mennyis\u00e9gi mutat\u00f3j\u00e1t<\/p>\n<!-- \/wp:paragraph -->\n\n<!-- wp:paragraph -->\n<p><strong>2. Sz\u00e1ml\u00e1z\u00e1s<\/strong><\/p>\n<!-- \/wp:paragraph -->\n\n<!-- wp:paragraph -->\n<p>A IV\/1-es pontban r\u00e9szletezett, regisztr\u00e1ci\u00f3 sor\u00e1n megadott adatok alapj\u00e1n ker\u00fcl ki\u00e1ll\u00edt\u00e1sra a Megrendel\u0151 \u00e9s a Salaplast Kft. k\u00f6z\u00f6tt l\u00e9trej\u00f6v\u0151 szolg\u00e1ltat\u00e1si szerz\u0151d\u00e9s, mely elengedhetetlen a p\u00e9nz\u00fcgyi teljes\u00edt\u00e9shez (d\u00edjbek\u00e9r\u0151, sz\u00e1mla ki\u00e1ll\u00edt\u00e1sa).<br><strong>Az adatkezel\u00e9s c\u00e9lja: <\/strong>Az \u00e1raj\u00e1nlat ad\u00e1shoz, megrendel\u00e9s teljes\u00edt\u00e9s\u00e9hez kapcsol\u00f3d\u00f3 fizet\u00e9si folyamat teljes\u00edt\u00e9se.<br><strong>Az adatkezel\u00e9s jogalapja:<\/strong> GDPR 6. cikk (1) bekezd\u00e9s b.) pontja \u00e9s az EKER tv. 13\/a. \u00a7<br><strong>Az adatkezel\u00e9s id\u0151tartama:<\/strong> az \u00e1raj\u00e1nlat k\u00e9r\u00e9ssel\/megrendel\u00e9ssel kapcsolatos adatokat az esetleges jogvit\u00e1k sor\u00e1n t\u00f6rt\u00e9n\u0151 bizony\u00edt\u00e1s \u00e9rdek\u00e9ben, az \u00e1ltal\u00e1nos el\u00e9v\u00fcl\u00e9si hat\u00e1rid\u0151ig, azaz 5 \u00e9vig t\u00e1roljuk.<br>A sz\u00e1ml\u00e1z\u00e1ssal kapcsolatos adatokat a sz\u00e1mviteli k\u00f6telezetts\u00e9gek teljes\u00edt\u00e9s\u00e9nek \u00e9rdek\u00e9ben, a 2000. \u00c9VI C. tv. 169. \u00a7-a \u00e9rtelm\u00e9ben 8 \u00e9vig, illetve az ad\u00f3z\u00e1s rendj\u00e9r\u0151l sz\u00f3l\u00f3 2003. \u00e9vi XCII. t\u00f6rv\u00e9nyben meghat\u00e1rozott el\u00e9v\u00fcl\u00e9si id\u0151ig kezelj\u00fck.<\/p>\n<!-- \/wp:paragraph -->\n\n<!-- wp:paragraph -->\n<p><strong>3. \u00c9rtes\u00edt\u00e9sek k\u00fcld\u00e9se<\/strong><\/p>\n<!-- \/wp:paragraph -->\n\n<!-- wp:paragraph -->\n<p>Nem marketing c\u00e9lb\u00f3l k\u00fcld\u00fcnk ki \u00d6nnek \u00fczenetet a regisztr\u00e1ci\u00f3 sor\u00e1n megadott e-mail c\u00edm\u00e9re:<br>\u2013 az \u00e1raj\u00e1nlat k\u00e9r\u00e9s visszaigazol\u00e1sa;<br>\u2013 a b\u00e9rleti jogviszony l\u00e9trej\u00f6tt\u00e9vel kapcsolatos egyeztet\u00e9s;<br>\u2013 d\u00edjbek\u00e9r\u0151\/sz\u00e1mla megk\u00fcld\u00e9se.<\/p>\n<!-- \/wp:paragraph -->\n\n<!-- wp:paragraph -->\n<p>Ha \u00d6n nem adott egy\u00e9rtelm\u0171 hozz\u00e1j\u00e1rul\u00e1st, hogy h\u00edrlevelet kapjon, akkor a nem marketing c\u00e9l\u00fa \u00fczenet eset\u00e9ben sem kap marketing tartalm\u00fa \u00fczenetet.<br><strong>Az adatkezel\u00e9s c\u00e9lja:<\/strong>&nbsp;A regisztr\u00e1lt felhaszn\u00e1l\u00f3k szem\u00e9lyre szabott kiszolg\u00e1l\u00e1sa, a szolg\u00e1ltat\u00e1si szerz\u0151d\u00e9s teljes\u00edt\u00e9se.<br><strong>Az adatkezel\u00e9s jogalapja:<\/strong>&nbsp;GDPR 6. cikk (1) bekezd\u00e9s b) pontja \u2013 szerz\u0151d\u00e9s teljes\u00edt\u00e9s<br><strong>Az adatkezel\u00e9s id\u0151tartama:<\/strong>&nbsp;A szerz\u0151d\u00e9sb\u0151l ered\u0151 ig\u00e9nyek el\u00e9v\u00fcl\u00e9s\u00e9nek id\u0151tartama, azaz 5 \u00e9v.<\/p>\n<!-- \/wp:paragraph -->\n\n<!-- wp:paragraph -->\n<p><strong>4. Cookie haszn\u00e1lata<\/strong><\/p>\n<!-- \/wp:paragraph -->\n\n<!-- wp:paragraph -->\n<p>A cookie-k (s\u00fctik) olyan, bet\u0171 \u00e9s sz\u00e1m karakterekb\u0151l \u00e1ll\u00f3 kism\u00e9ret\u0171 f\u00e1jlok, amelyek online eszk\u00f6z\u00f6kre (pl. sz\u00e1m\u00edt\u00f3g\u00e9p merevlemez, telefon) ker\u00fclnek let\u00f6lt\u00e9sre, amikor a Felhaszn\u00e1l\u00f3 egyes weboldalakra bel\u00e9p. A cookie-k megengedik, hogy az adott honlap felismerje a Felhaszn\u00e1l\u00f3 online eszk\u00f6z\u00e9t, \u00edgy a honlap r\u00e9sz\u00e9re a Felhaszn\u00e1l\u00f3r\u00f3l egyedi inform\u00e1ci\u00f3k t\u00e1rol\u00f3dnak, p\u00e9ld\u00e1ul arr\u00f3l, hogy a Felhaszn\u00e1l\u00f3 melyik orsz\u00e1gban csatlakozott weboldalunkhoz, milyen b\u00f6ng\u00e9sz\u0151 szoftvert \u00e9s oper\u00e1ci\u00f3s rendszert haszn\u00e1l, mi az IP-c\u00edme, milyen oldalakat tekintett meg honlapunkon, mely funkci\u00f3kat haszn\u00e1lta. A legt\u00f6bb weboldal haszn\u00e1l ilyen cookie-kat.<br>Szem\u00e9lyes azonos\u00edt\u00e1sra alkalmas adatokat nem gy\u0171jt\u00fcnk, kiv\u00e9ve, ha azokat a Felhaszn\u00e1l\u00f3 \u00f6nk\u00e9nt adja meg. Az adatokat honlapunk tov\u00e1bb fejleszt\u00e9s\u00e9hez, l\u00e1togatotts\u00e1gunk elemz\u00e9s\u00e9hez, rekl\u00e1mstrat\u00e9gi\u00e1nkhoz haszn\u00e1ljuk fel.<br>A cookie-k lehetnek \u00e1lland\u00f3ak vagy ideiglenesek. Az \u00e1lland\u00f3 s\u00fctiket a b\u00f6ng\u00e9sz\u0151 egy meghat\u00e1rozott id\u0151pontig t\u00e1rolja, kiv\u00e9telt k\u00e9pez az az eset, ha a Felhaszn\u00e1l\u00f3 kor\u00e1bban t\u00f6rli azokat. Az ideiglenes cookie-t azonban a b\u00f6ng\u00e9sz\u0151 nem t\u00e1rolja, \u00edgy azok a b\u00f6ng\u00e9sz\u0151 bez\u00e1r\u00e1s\u00e1val automatikusan t\u00f6rl\u0151dnek.<br>Amennyiben a s\u00fcti elhelyez\u00e9s\u00e9hez \u00d6n nem j\u00e1rul hozz\u00e1, azt a saj\u00e1t b\u00f6ng\u00e9sz\u0151j\u00e9ben elv\u00e9gzett be\u00e1ll\u00edt\u00e1sok (tilt\u00e1s, visszavon\u00e1s) \u00fatj\u00e1n teheti meg. Ebben az esetben ez bizonyos szolg\u00e1ltat\u00e1sok ig\u00e9nybev\u00e9tel\u00e9t korl\u00e1tozhatja vagy megakad\u00e1lyozhatja.<strong><em>Hirdet\u00e9sekkel kapcsolatos inform\u00e1ci\u00f3k:<\/em><\/strong><em><br><\/em>K\u00fcls\u0151 szolg\u00e1ltat\u00f3k s\u00fctik haszn\u00e1lat\u00e1val jelen\u00edtenek meg hirdet\u00e9seket, a Felhaszn\u00e1l\u00f3nak a weboldalt \u00e9rint\u0151 kor\u00e1bbi l\u00e1togat\u00e1sai alapj\u00e1n.<br>Cookie-k a teljes\u00edtm\u00e9ny n\u00f6vel\u00e9s\u00e9hez adatokat gy\u0171jtenek arr\u00f3l, hogy a felhaszn\u00e1l\u00f3 hogyan haszn\u00e1lja a weboldalt. Google Analytics s\u00fctiket alkalmazunk, hogy min\u00e9l jobban meg\u00e9rts\u00fck felhaszn\u00e1l\u00f3ink viselked\u00e9s\u00e9t, ig\u00e9nyeit: mely aloldalakat, milyen rendszeress\u00e9ggel \u00e9s mennyi id\u0151re l\u00e1togattak meg. Ezek a cookie-k csak az \u00d6n sz\u00e1m\u00edt\u00f3g\u00e9p\u00e9t azonos\u00edtj\u00e1k, az adatok gy\u0171jt\u00e9se n\u00e9vtelen.<br>A c\u00e9lzott s\u00fctik lehet\u0151v\u00e9 teszik, hogy relev\u00e1ns hirdet\u00e9seket jelen\u00edts\u00fcnk meg a Felhaszn\u00e1l\u00f3 sz\u00e1m\u00e1ra. Ebben az esetben is az adatok gy\u0171jt\u00e9se n\u00e9vtelen.<br>A Felhaszn\u00e1l\u00f3k kikapcsolhatj\u00e1k a s\u00fctik haszn\u00e1lat\u00e1t, ha felkeresik a hirdet\u00e9s leiratkoz\u00e1si oldalt. Ezen a webhelyen a Google szolg\u00e1ltat fizetett hivatkoz\u00e1sokat, linkeket a weboldalra l\u00e1togat\u00f3knak. A l\u00e1togat\u00f3knak lehet\u0151s\u00e9g\u00fck van leiratkozni a cookiek-r\u00f3l.<\/p>\n<!-- \/wp:paragraph -->\n\n<!-- wp:paragraph -->\n<p><strong>5. Napl\u00f3\u00e1llom\u00e1nyok, Logfile-ok<\/strong><\/p>\n<!-- \/wp:paragraph -->\n\n<!-- wp:paragraph -->\n<p>A szolg\u00e1ltat\u00e1s ig\u00e9nybev\u00e9tele \u00e9rdek\u00e9ben a rendszer automatikusan napl\u00f3zza az al\u00e1bbi adatokat:<br>\u2013 A munka\u00e1llom\u00e1s (sz\u00e1m\u00edt\u00f3g\u00e9p) dinamikus IP-c\u00edme amir\u0151l a regisztr\u00e1ci\u00f3 t\u00f6rt\u00e9nik;<br>\u2013 A munka\u00e1llom\u00e1s be\u00e1ll\u00edt\u00e1sait\u00f3l f\u00fcgg\u0151en az \u00d6n \u00e1ltal haszn\u00e1lt b\u00f6ng\u00e9sz\u0151 \u00e9s oper\u00e1ci\u00f3srendszer t\u00edpusa;<br>\u2013 Az \u00d6n weboldallal kapcsolatos aktivit\u00e1sa.<\/p>\n<!-- \/wp:paragraph -->\n\n<!-- wp:paragraph -->\n<p><strong>Az adatkezel\u00e9s c\u00e9lja:<\/strong>&nbsp;A IV.\/6. pontban meghat\u00e1rozott adatok felhaszn\u00e1l\u00e1sa technikai c\u00e9lokat szolg\u00e1l (stabil m\u0171k\u00f6d\u00e9s biztos\u00edt\u00e1sa), tov\u00e1bb\u00e1 oldalhaszn\u00e1lati statisztik\u00e1k \u00e9s felhaszn\u00e1l\u00f3i ig\u00e9nyek elemz\u00e9s\u00e9re haszn\u00e1ljuk azokat.<br>A fenti adatok szem\u00e9lyi azonos\u00edt\u00e1sra nem alkalmasak, egy\u00e9b szem\u00e9lyes adatokkal nem kapcsoljuk \u00f6ssze azokat.<br><strong>Az adatkezel\u00e9s id\u0151tartama:<\/strong>&nbsp;A napl\u00f3\u00e1llom\u00e1nyokat a r\u00f6gz\u00edt\u00e9s\u00fck \u00e9s ki\u00e9rt\u00e9kel\u00e9s\u00fck ut\u00e1n 15 nappal t\u00f6r\u00f6lj\u00fck.<\/p>\n<!-- \/wp:paragraph -->\n\n<!-- wp:paragraph -->\n<p><strong>6. A fentiekt\u0151l elt\u00e9r\u0151 adatkezel\u00e9s<\/strong><\/p>\n<!-- \/wp:paragraph -->\n\n<!-- wp:paragraph -->\n<p>B\u00e1rmely nem\u0171 szem\u00e9lyes adatot, a fentiekt\u0151l elt\u00e9r\u0151 c\u00e9lb\u00f3l csak az adatkezel\u00e9si c\u00e9l el\u0151zetes meghat\u00e1roz\u00e1sa mellett \u00e9s an \u00d6n hozz\u00e1j\u00e1rul\u00e1sa alapj\u00e1n kezelhet\u00fcnk.<br>Ezek az adatok nem k\u00f6thet\u0151k \u00f6ssze az \u00d6n azonos\u00edt\u00e1s\u00e1ra szolg\u00e1l\u00f3 adatokkal \u00e9s az \u00d6n hozz\u00e1j\u00e1rul\u00e1sa n\u00e9lk\u00fcl nem adhat\u00f3k \u00e1t harmadik szem\u00e9ly sz\u00e1m\u00e1ra.<br>Ezen adatokat k\u00f6telesek vagyunk nyilv\u00e1ntart\u00e1sunkb\u00f3l t\u00f6r\u00f6lni, ha az adatkezel\u00e9si c\u00e9l megsz\u0171nt, vagy \u00d6n a hozz\u00e1j\u00e1rul\u00e1s\u00e1t visszavonja.<\/p>\n<!-- \/wp:paragraph -->\n\n<!-- wp:paragraph -->\n<p><strong>V.<\/strong>&nbsp;<strong>Az adatkezel\u0151k \u00e9s feldolgoz\u00f3k adatai:<\/strong><\/p>\n<!-- \/wp:paragraph -->\n\n<!-- wp:paragraph -->\n<p>A weblap f\u00fcggetlen l\u00e1togatotts\u00e1gi \u00e9s egy\u00e9b webanalitikai adatainak kinyer\u00e9se \u00e9rdek\u00e9ben Google Analytics szoftvert haszn\u00e1lunk, ez\u00e9rt ezen adatok feldolgoz\u00e1s\u00e1ban a Google Inc., mint adatfeldolgoz\u00f3 j\u00e1r el.<\/p>\n<!-- \/wp:paragraph -->\n\n<!-- wp:paragraph -->\n<p>A weblap haszn\u00e1lat\u00e1val \u00d6n hozz\u00e1j\u00e1rul\u00e1s\u00e1t adja az adatai Google \u00e1ltal t\u00f6rt\u00e9n\u0151 feldolgoz\u00e1s\u00e1hoz.<\/p>\n<!-- \/wp:paragraph -->\n\n<!-- wp:paragraph -->\n<p><strong><em>1. A t\u00e1rhelyszolg\u00e1ltat\u00f3 adatai:<\/em><\/strong><\/p>\n<!-- \/wp:paragraph -->\n\n<!-- wp:paragraph -->\n<p><strong>C\u00e9gn\u00e9v:<\/strong>&nbsp;T\u00e1rhely.Eu Szolg\u00e1ltat\u00f3 Korl\u00e1tolt Felel\u0151ss\u00e9g\u0171 T\u00e1rsas\u00e1g<br><strong>Sz\u00e9khely:<\/strong>&nbsp;1144 Budapest, Orm\u00e1ns\u00e1g utca 4. X. em. 241.;<br><strong>Telefon:<\/strong>&nbsp;+36 1&nbsp;789 2789<br><strong>Ad\u00f3sz\u00e1m:<\/strong>&nbsp;14571332-2-42<br><strong>Az adatfeldolgoz\u00e1s tartalma:<\/strong>&nbsp;webhosting<br><strong><em><br>2. A weboldal IT \u00fczemeltet\u00e9s\u00e9t, fejleszt\u00e9s\u00e9t egy \u00e1ltalunk megb\u00edzott jogi szem\u00e9ly v\u00e9gzi:<\/em><\/strong><\/p>\n<!-- \/wp:paragraph -->\n\n<!-- wp:paragraph -->\n<p><strong>N\u00e9v:<\/strong>&nbsp;Buj\u00e1ki Barbara EV.<br><strong>Ad\u00f3sz\u00e1m:&nbsp;<\/strong>68943174-2-26<strong><br>Sz\u00e9khely:<\/strong>&nbsp;6821 Sz\u00e9kkutas, M\u00f3ricz Zsigmond utca 1.<br><strong>Telefon:<\/strong>&nbsp;+36 30 943 5121<br><strong>E-mail:<\/strong>&nbsp;info@bujakibarbara.hu<\/p>\n<!-- \/wp:paragraph -->\n\n<!-- wp:paragraph -->\n<p><strong><em>3. A sz\u00e1ml\u00e1z\u00e1shoz a Szamlazz.hu weboldalt haszn\u00e1ljuk, melynek \u00fczemeltet\u0151je:<\/em>N\u00e9v:<\/strong>&nbsp;KBOSS.hu Kereskedelmi \u00e9s Szolg\u00e1ltat\u00f3 Korl\u00e1tolt Felel\u0151ss\u00e9g\u0171 T\u00e1rsas\u00e1g (KBOSS.hu Kft.)<br><br><strong>Sz\u00e9khely:<\/strong>&nbsp;1031 Budapest, Z\u00e1hony utca 7.<br><strong>C\u00e9gjegyz\u00e9ksz\u00e1m:<\/strong>&nbsp;01-09-303201<br><strong>Ad\u00f3sz\u00e1m:<\/strong>&nbsp;13421739-2-41<br><strong>E-mail:<\/strong><a href=\"mailto:info@szamlazz.hu\"> info@szamlazz.hu<\/a><\/p>\n<!-- \/wp:paragraph -->\n\n<!-- wp:paragraph -->\n<p>Tov\u00e1bb\u00e1 fenntartjuk, hogy a felsoroltakon k\u00edv\u00fcl tov\u00e1bbi adatfeldolgoz\u00f3kat vegy\u00fcnk ig\u00e9nybe. Ezen adatfeldolgoz\u00f3k adatait (n\u00e9v, c\u00edm) legk\u00e9s\u0151bb az adatfeldolgoz\u00e1s megkezd\u00e9sekor a Felhaszn\u00e1l\u00f3k sz\u00e1m\u00e1ra el\u00e9rhet\u0151 m\u00f3don k\u00f6zz\u00e9tessz\u00fck.<\/p>\n<!-- \/wp:paragraph -->\n\n<!-- wp:paragraph -->\n<p><strong>4. A szem\u00e9lyes adatok megismer\u00e9s\u00e9re jogosultak<\/strong><\/p>\n<!-- \/wp:paragraph -->\n\n<!-- wp:paragraph -->\n<p>Azon saj\u00e1t alkalmazottjaink, megb\u00edzottjaink \u00e9s k\u00f6zrem\u0171k\u00f6d\u0151ink, akiknek munkak\u00f6teless\u00e9g\u00fck \u00e9s feladataik ell\u00e1t\u00e1s\u00e1hoz a kezelt adatok megismer\u00e9s\u00e9hez sz\u00fcks\u00e9g\u00fck van. Ezen t\u00e9nyt figyelembe v\u00e9ve, k\u00f6teless\u00e9g\u00fcnk biztos\u00edtani, hogy az \u00e1ltalunk kezelt adatok megismer\u00e9s\u00e9re jogosultak mindenkor betarts\u00e1k a jelen adatkezel\u00e9si t\u00e1j\u00e9koztat\u00f3ban, valamint az ir\u00e1nyad\u00f3 jogszab\u00e1lyokban foglalt el\u0151\u00edr\u00e1sokat.<\/p>\n<!-- \/wp:paragraph -->\n\n<!-- wp:paragraph -->\n<p><strong>VI. Az \u00d6n adatkezel\u00e9ssel kapcsolatos jogai<\/strong><\/p>\n<!-- \/wp:paragraph -->\n\n<!-- wp:paragraph -->\n<p><strong>1. T\u00e1j\u00e9koztat\u00e1s k\u00e9r\u00e9s\u00e9hez val\u00f3 jog<\/strong><\/p>\n<!-- \/wp:paragraph -->\n\n<!-- wp:paragraph -->\n<p><strong>a)<\/strong>&nbsp;Az \u00d6n k\u00e9r\u00e9s\u00e9re, k\u00e9sedelem n\u00e9lk\u00fcl, de legk\u00e9s\u0151bb a k\u00e9relme beny\u00fajt\u00e1s\u00e1t\u00f3l 25 napon bel\u00fcl &nbsp;\u00edr\u00e1sban \u2013 ide \u00e9rtve az elektronikus kommunik\u00e1ci\u00f3t is \u2013 t\u00e1j\u00e9koztatjuk az \u00e1ltalunk kezelt, illetve az \u00e1ltalunk megb\u00edzott adatfeldolgoz\u00f3 \u00e1ltal feldolgozott adatair\u00f3l, azok forr\u00e1s\u00e1r\u00f3l, az adatkezel\u00e9s c\u00e9lj\u00e1r\u00f3l, jogalapj\u00e1r\u00f3l, id\u0151tartam\u00e1r\u00f3l, az adatfeldolgoz\u00f3 nev\u00e9r\u0151l, c\u00edm\u00e9r\u0151l \u00e9s az adatfeldolgoz\u00e1ssal \u00f6sszef\u00fcgg\u0151 tev\u00e9kenys\u00e9gr\u0151l, illetve; szem\u00e9lyes adatainak tov\u00e1bb\u00edt\u00e1sa eset\u00e9n az adattov\u00e1bb\u00edt\u00e1s jogalapj\u00e1r\u00f3l \u00e9s c\u00edmzettj\u00e9r\u0151l.<\/p>\n<!-- \/wp:paragraph -->\n\n<!-- wp:paragraph -->\n<p><strong>b)<\/strong>&nbsp;A t\u00e1j\u00e9koztat\u00e1s d\u00edjmentes. Egy\u00e9rtelm\u0171en megalapozatlan vagy t\u00falz\u00f3 k\u00e9relem eset\u00e9n (k\u00fcl\u00f6n\u00f6s tekintettel, ha az ism\u00e9tl\u0151d\u0151 jelleggel t\u00f6rt\u00e9nik), a k\u00e9rt inform\u00e1ci\u00f3 vagy t\u00e1j\u00e9koztat\u00e1s ny\u00fajt\u00e1s\u00e1val, vagy a k\u00e9rt int\u00e9zked\u00e9s v\u00e9grehajt\u00e1s\u00e1val j\u00e1r\u00f3 adminisztrat\u00edv k\u00f6lts\u00e9geket figyelembe v\u00e9ve:<br>\u2013 \u00e9sszer\u0171 \u00f6sszeg\u0171 d\u00edjat sz\u00e1molhatunk fel;<br>\u2013 megtagadhatjuk a k\u00e9relem alapj\u00e1n t\u00f6rt\u00e9n\u0151 int\u00e9zked\u00e9st. A k\u00e9relem megalapozatlan, vagy t\u00falz\u00f3 jelleg\u00e9nek bizony\u00edt\u00e1s\u00e1nak felel\u0151ss\u00e9ge minden esetben a <strong>Salaplast Kft.<\/strong>-t terheli.<\/p>\n<!-- \/wp:paragraph -->\n\n<!-- wp:paragraph -->\n<p><strong>2. T\u00e1j\u00e9koztat\u00e1s k\u00e9r\u00e9s\u00e9hez val\u00f3 jog<\/strong><\/p>\n<!-- \/wp:paragraph -->\n\n<!-- wp:paragraph -->\n<p><strong>a)<\/strong>&nbsp;K\u00f6telesek vagyunk t\u00f6r\u00f6lni a szem\u00e9lyes adatokat, ha<br>\u2013 kezel\u00e9se jogellenes;<br>\u2013 \u00d6n visszavonja az adatkezel\u00e9s alapj\u00e1t jelent\u0151 hozz\u00e1j\u00e1rul\u00e1s\u00e1t, k\u00e9ri adatainak t\u00f6rl\u00e9s\u00e9t \u00e9s az adatkezel\u00e9snek nincs egy\u00e9b jogalapja;<br>\u2013 az adatok hi\u00e1nyosak, vagy t\u00e9vesek;<br>\u2013 az adatkezel\u00e9s c\u00e9lja megsz\u0171nt, vagy a jogszer\u0171 t\u00e1rol\u00e1s hat\u00e1rideje lej\u00e1rt<br>\u2013 az adatok t\u00f6rl\u00e9s\u00e9t az illet\u00e9kes b\u00edr\u00f3s\u00e1g vagy hat\u00f3s\u00e1g elrendelte.<\/p>\n<!-- \/wp:paragraph -->\n\n<!-- wp:paragraph -->\n<p><strong>b)<\/strong>&nbsp;T\u00f6rl\u00e9s helyett z\u00e1rolhatjuk adatait, ha ezt k\u00e9ri, vagy, ha a rendelkez\u00e9sre \u00e1ll\u00f3 inform\u00e1ci\u00f3k, nyilatkozatok alapj\u00e1n a t\u00f6rl\u00e9s s\u00e9rten\u00e9 az \u00d6n jogos \u00e9rdekeit. Az ily m\u00f3don z\u00e1rolt adatok addig kezelhet\u0151ek, ameddig fenn\u00e1ll az adatkezel\u00e9si c\u00e9l, mely az adatok t\u00f6rl\u00e9s\u00e9t kiz\u00e1rta.<\/p>\n<!-- \/wp:paragraph -->\n\n<!-- wp:paragraph -->\n<p><strong>3. Hozz\u00e1f\u00e9r\u00e9shez val\u00f3 jog<\/strong><\/p>\n<!-- \/wp:paragraph -->\n\n<!-- wp:paragraph -->\n<p>\u00d6n jogosult arra, hogy visszajelz\u00e9st kapjon t\u0151l\u00fcnk arra vonatkoz\u00f3an, hogy szem\u00e9lyes adatainak kezel\u00e9se \u00e9ppen folyamatban van-e \u00e9s, ha igen, akkor jogosult arra, hogy szem\u00e9lyes adatokhoz \u00e9s az al\u00e1bbi inform\u00e1ci\u00f3khoz hozz\u00e1f\u00e9r\u00e9st kapjon:<br>\u2013 adatkezel\u00e9s c\u00e9lja;<br>\u2013 \u00e9rintett szem\u00e9lyes adatok kateg\u00f3ri\u00e1i;<br>\u2013 azon adatkezel\u00e9sben \u00e9rintettek szem\u00e9lye, akikkel k\u00f6z\u00f6lt\u00fck vagy k\u00f6z\u00f6lni fogjuk szem\u00e9lyes adatait valamilyen fentebbi adatkezel\u00e9si c\u00e9l(ok) ok\u00e1n;<br>\u2013 szem\u00e9lyes adatok t\u00e1rol\u00e1s\u00e1nak id\u0151tartama, amennyiben ez nem lehets\u00e9ges, akkor az id\u0151tartam meghat\u00e1roz\u00e1s\u00e1nak szempontjai.<\/p>\n<!-- \/wp:paragraph -->\n\n<!-- wp:paragraph -->\n<p><strong>Jogosult tov\u00e1bb\u00e1:<\/strong><br>\u2013 k\u00e9relmezheti t\u0151l\u00fcnk az \u00d6nre vonatkoz\u00f3 adatok helyesb\u00edt\u00e9s\u00e9t, t\u00f6rl\u00e9s\u00e9t, vagy kezel\u00e9s\u00e9nek korl\u00e1toz\u00e1s\u00e1t \u00e9s megtagadhatja szem\u00e9lyes adatainak kezel\u00e9s\u00e9t;<br>\u2013 valamely fel\u00fcgyeleti hat\u00f3s\u00e1ghoz c\u00edmzett panasz beny\u00fajt\u00e1s\u00e1ra; ha az adatok nem \u00d6nt\u0151l, vagy meghatalmazottj\u00e1t\u00f3l gy\u0171jt\u00f6tt\u00fck Az adatkezel\u00e9s t\u00e1rgy\u00e1t k\u00e9pz\u0151 szem\u00e9lyes adatok m\u00e1solat\u00e1t az \u00d6n rendelkez\u00e9s\u00e9re bocs\u00e1jtjuk. Az \u00d6n \u00e1ltal ig\u00e9nyelt tov\u00e1bbi m\u00e1solatok\u00e9rt az adminisztrat\u00edv k\u00f6lts\u00e9geken alapul\u00f3, racion\u00e1lis m\u00e9rt\u00e9k\u0171 d\u00edjat sz\u00e1m\u00edtunk fel. Amennyiben elektronikusan ny\u00fajtotta be adatszolg\u00e1ltat\u00e1si ig\u00e9ny\u00e9t, \u00fagy a r\u00e9sz\u00fcnkr\u0151l is elektronikus form\u00e1ban k\u00fcldj\u00fck meg a k\u00e9rt inform\u00e1ci\u00f3kat, ha \u00d6n m\u00e1sk\u00e9pp nem k\u00e9ri.<\/p>\n<!-- \/wp:paragraph -->\n\n<!-- wp:paragraph -->\n<p><strong>4. Helyesb\u00edt\u00e9shez val\u00f3 jog<\/strong><\/p>\n<!-- \/wp:paragraph -->\n\n<!-- wp:paragraph -->\n<p>K\u00e9r\u00e9s\u00e9re indokolatlan k\u00e9sedelem n\u00e9lk\u00fcl helyesb\u00edtj\u00fck az \u00f6nre vonatkoz\u00f3 szem\u00e9lyes adatokat.<\/p>\n<!-- \/wp:paragraph -->\n\n<!-- wp:paragraph -->\n<p><strong>5.&nbsp;Tiltakoz\u00e1shoz val\u00f3 jog<\/strong><\/p>\n<!-- \/wp:paragraph -->\n\n<!-- wp:paragraph -->\n<p>\u00d6n tiltakozhat szem\u00e9lyes adatainak kezel\u00e9se ellen, ha:<br>\u2013 a szem\u00e9lyes adatok kezel\u00e9se vagy tov\u00e1bb\u00edt\u00e1sa kiz\u00e1r\u00f3lag jogi k\u00f6telezetts\u00e9g\u00fcnk teljes\u00edt\u00e9s\u00e9hez vagy harmadik szem\u00e9ly jogos \u00e9rdek\u00e9nek \u00e9rv\u00e9nyes\u00edt\u00e9s\u00e9hez sz\u00fcks\u00e9ges, kiv\u00e9ve k\u00f6telez\u0151 adatkezel\u00e9s eset\u00e9n;<br>\u2013 ha a szem\u00e9lyes adat felhaszn\u00e1l\u00e1sa vagy tov\u00e1bb\u00edt\u00e1sa \u00fczletszerz\u00e9si, k\u00f6zv\u00e9lem\u00e9ny-kutat\u00e1s vagy tudom\u00e1nyos kutat\u00e1s c\u00e9lj\u00e1b\u00f3l t\u00f6rt\u00e9nik;<br>\u2013 t\u00f6rv\u00e9nyben meghat\u00e1rozott egy\u00e9b esetben. Az adatkezel\u00e9s egyidej\u0171 felf\u00fcggeszt\u00e9s\u00e9vel a tiltakoz\u00e1si k\u00e9relem beny\u00fajt\u00e1s\u00e1t\u00f3l sz\u00e1m\u00edtott maximum 15 napon bel\u00fcl megvizsg\u00e1ljuk k\u00e9relm\u00e9t, \u00e9s annak eredm\u00e9ny\u00e9r\u0151l \u00edr\u00e1sban t\u00e1j\u00e9koztatjuk \u00d6nt.<br>Amennyiben a tiltakoz\u00e1s indokolt, k\u00f6telesek vagyunk megsz\u00fcntetni az adatkezel\u00e9st \u00e9s az adatokat z\u00e1rolni, valamint a tiltakoz\u00e1sr\u00f3l, valamint, annak alapj\u00e1n tett int\u00e9zked\u00e9sekr\u0151l \u00e9rtes\u00edteni mindazokat, akik r\u00e9sz\u00e9re a tiltakoz\u00e1ssal \u00e9rintett szem\u00e9lyes adatot kor\u00e1bban tov\u00e1bb\u00edtottuk \u00e9s azokat, akik k\u00f6telesek int\u00e9zkedni a tiltakoz\u00e1si jog \u00e9rv\u00e9nyes\u00edt\u00e9se \u00e9rdek\u00e9ben.<br>Amennyiben d\u00f6nt\u00e9s\u00fcnkkel nem \u00e9rt egyet, valamint a 15 napos hat\u00e1rid\u0151t t\u00fall\u00e9pj\u00fck, a d\u00f6nt\u00e9ssel kapcsolatban (a d\u00f6nt\u00e9s k\u00f6zl\u00e9s\u00e9t\u0151l, illetve a hat\u00e1rid\u0151 utols\u00f3 napj\u00e1t\u00f3l sz\u00e1m\u00edtott 30 napon bel\u00fcl) b\u00edr\u00f3s\u00e1ghoz fordulhat.<\/p>\n<!-- \/wp:paragraph -->\n\n<!-- wp:paragraph -->\n<p><strong>6.&nbsp;Az adatkezel\u00e9s korl\u00e1toz\u00e1s\u00e1hoz val\u00f3 jog<\/strong><\/p>\n<!-- \/wp:paragraph -->\n\n<!-- wp:paragraph -->\n<p>Korl\u00e1tozzuk az adatkezel\u00e9s, amennyiben az al\u00e1bbiak valamelyike teljes\u00fcl:<\/p>\n<!-- \/wp:paragraph -->\n\n<!-- wp:paragraph -->\n<p>\u2013 \u00d6n vitatja a szem\u00e9lyes adatai pontoss\u00e1g\u00e1t;<br>\u2013 Az adatkezel\u00e9s jogellenes \u00e9s \u00d6n ellenezi az adatok t\u00f6rl\u00e9s\u00e9t, helyette k\u00e9ri az adatok felhaszn\u00e1l\u00e1s\u00e1nak korl\u00e1toz\u00e1s\u00e1t. Ha \u00d6n tiltakozott az adatkezel\u00e9s ellen \u00e9s az adatkezel\u00e9s korl\u00e1toz\u00e1s al\u00e1 esik, akkor az ilyen szem\u00e9lyes adatokat a t\u00e1rol\u00e1s kiv\u00e9tel\u00e9vel, csak az \u00d6n hozz\u00e1j\u00e1rul\u00e1s\u00e1val, vagy jogi ig\u00e9ny\u00e9nek el\u0151terjeszt\u00e9s\u00e9vel, \u00e9rv\u00e9nyes\u00edt\u00e9s\u00e9hez vagy v\u00e9delm\u00e9hez, vagy m\u00e1s term\u00e9szetes vagy jogi szem\u00e9ly jogainak v\u00e9delme \u00e9rdek\u00e9ben vagy Unio, illetve valamely tag\u00e1llam\u00e1nak fontos k\u00f6z\u00e9rdek\u00e9b\u0151l lehet kezelni.<\/p>\n<!-- \/wp:paragraph -->\n\n<!-- wp:paragraph -->\n<p><strong>7.&nbsp;Adathordoz\u00e1shoz val\u00f3 jog<\/strong><\/p>\n<!-- \/wp:paragraph -->\n\n<!-- wp:paragraph -->\n<p>\u00d6n jogosult arra, hogy a rendelkez\u00e9s\u00fcnkre bocs\u00e1jtott szem\u00e9lyes adatait rendezett, sz\u00e9les k\u00f6rben haszn\u00e1lt, g\u00e9ppel olvashat\u00f3 form\u00e1tumban megkapja, ha az adatkezel\u00e9s az \u00f6n hozz\u00e1j\u00e1rul\u00e1s\u00e1val t\u00f6rt\u00e9nik, vagy szerz\u0151d\u00e9sen alapszik.<\/p>\n<!-- \/wp:paragraph -->\n\n<!-- wp:paragraph -->\n<p>Ha a helyesb\u00edt\u00e9s, korl\u00e1toz\u00e1s vagy t\u00f6rl\u00e9s ir\u00e1nti k\u00e9relme nem teljes\u00edthet\u0151, akkor a k\u00e9relem k\u00e9zhezv\u00e9tel\u00e9t\u0151l sz\u00e1m\u00edtva 25 napon bel\u00fcl \u00edr\u00e1sban t\u00e1j\u00e9koztatjuk annak elutas\u00edt\u00e1s\u00e1r\u00f3l \u00e9s az elutas\u00edt\u00e1s t\u00e9nybeli \u00e9s jogi okair\u00f3l. Az \u00d6n jelen VIII. pontban meghat\u00e1rozott jogait t\u00f6rv\u00e9ny korl\u00e1tozhatja az \u00e1llam k\u00fcls\u0151 \u00e9s bels\u0151 biztons\u00e1ga, \u00edgy a honv\u00e9delem, a nemzetbiztons\u00e1g, a b\u0171ncselekm\u00e9nyek megel\u0151z\u00e9s vagy \u00fcld\u00f6z\u00e9se, a b\u00fcntet\u00e9s-v\u00e9grehajt\u00e1s biztons\u00e1ga \u00e9rdek\u00e9ben, valamint \u00e1llami vagy \u00f6nkorm\u00e1nyzati gazdas\u00e1gi \u00e9rdekb\u0151l, valamint a foglalkoz\u00e1sok gyakorl\u00e1s\u00e1val \u00f6sszef\u00fcgg\u0151 fegyelmi \u00e9s etikai v\u00e9ts\u00e9gek, a munkajogi \u00e9s munkav\u00e9delmi k\u00f6telezetts\u00e9gszeg\u00e9seik megel\u0151z\u00e9se \u00e9s felt\u00e1r\u00e1sa c\u00e9lj\u00e1b\u00f3l, valamint az \u00d6n \u00e9s m\u00e1sok jogainak \u00e9rdek\u00e9ben.<\/p>\n<!-- \/wp:paragraph -->\n\n<!-- wp:paragraph -->\n<p><strong>VII. Jogorvoslati lehet\u0151s\u00e9gek<\/strong><\/p>\n<!-- \/wp:paragraph -->\n\n<!-- wp:paragraph -->\n<p>Az \u00e9rintett a jogainak megs\u00e9rt\u00e9se eset\u00e9n az adatkezel\u0151 ellen b\u00edr\u00f3s\u00e1ghoz fordulhat. A b\u00edr\u00f3s\u00e1g az \u00fcgyben soron k\u00edv\u00fcl j\u00e1r el.<\/p>\n<!-- \/wp:paragraph -->\n\n<!-- wp:paragraph -->\n<p>Panasszal a Nemzeti Adatv\u00e9delmi \u00e9s Inform\u00e1ci\u00f3szabads\u00e1g Hat\u00f3s\u00e1gn\u00e1l lehet \u00e9lni:<\/p>\n<!-- \/wp:paragraph -->\n\n<!-- wp:paragraph -->\n<p><strong>N\u00e9v:&nbsp;<\/strong>Nemzeti Adatv\u00e9delmi \u00e9s Inform\u00e1ci\u00f3szabads\u00e1g Hat\u00f3s\u00e1g<br><strong>Sz\u00e9khely:<\/strong>&nbsp;1125 Budapest, Szil\u00e1gyi Erzs\u00e9bet fasor 22\/C.<br><strong>Levelez\u00e9si c\u00edm:&nbsp;<\/strong>1530 Budapest, Pf.: 5.<br><strong>Telefon:<\/strong>&nbsp;0613911400<br><strong>Fax:<\/strong>&nbsp;0613911410<br><strong>E-mail:<\/strong>&nbsp;<a href=\"mailto:ugyfelszolgalat@naih.hu\">ugyfelszolgalat@naih.hu<\/a><br><strong>Honlap:<\/strong>&nbsp;<a href=\"http:\/\/www.naih.hu\/\">http:\/\/www.naih.hu<\/a><\/p>\n<!-- \/wp:paragraph -->","_et_gb_content_width":"1920","footnotes":""},"class_list":["post-186","page","type-page","status-publish","hentry"],"yoast_head":"<!-- This site is optimized with the Yoast SEO Premium plugin v27.4 (Yoast SEO v27.4) - https:\/\/yoast.com\/product\/yoast-seo-premium-wordpress\/ -->\n<title>Salaplast | Adatv\u00e9delem<\/title>\n<meta name=\"description\" content=\"A Salaplast Kft.\" \/>\n<meta name=\"robots\" content=\"index, follow, max-snippet:-1, max-image-preview:large, max-video-preview:-1\" \/>\n<link rel=\"canonical\" href=\"https:\/\/www.salaplast.hu\/en\/adatvedelem\/\" \/>\n<meta property=\"og:locale\" content=\"en_GB\" \/>\n<meta property=\"og:type\" content=\"article\" \/>\n<meta property=\"og:title\" content=\"Adatv\u00e9delem\" \/>\n<meta property=\"og:description\" content=\"A Salaplast Kft.\" \/>\n<meta property=\"og:url\" content=\"https:\/\/www.salaplast.hu\/en\/adatvedelem\/\" \/>\n<meta property=\"og:site_name\" content=\"Salaplast Kft.\" \/>\n<meta property=\"article:publisher\" content=\"https:\/\/www.facebook.com\/salaplast.hu\" \/>\n<meta property=\"article:modified_time\" content=\"2023-04-28T07:07:44+00:00\" \/>\n<meta name=\"twitter:card\" content=\"summary_large_image\" \/>\n<script type=\"application\/ld+json\" class=\"yoast-schema-graph\">{\"@context\":\"https:\\\/\\\/schema.org\",\"@graph\":[{\"@type\":\"WebPage\",\"@id\":\"https:\\\/\\\/www.salaplast.hu\\\/adatvedelem\\\/\",\"url\":\"https:\\\/\\\/www.salaplast.hu\\\/adatvedelem\\\/\",\"name\":\"Salaplast | Adatv\u00e9delem\",\"isPartOf\":{\"@id\":\"https:\\\/\\\/www.salaplast.hu\\\/#website\"},\"datePublished\":\"2019-03-23T13:44:46+00:00\",\"dateModified\":\"2023-04-28T07:07:44+00:00\",\"description\":\"A Salaplast Kft.\",\"breadcrumb\":{\"@id\":\"https:\\\/\\\/www.salaplast.hu\\\/adatvedelem\\\/#breadcrumb\"},\"inLanguage\":\"en-GB\",\"potentialAction\":[{\"@type\":\"ReadAction\",\"target\":[\"https:\\\/\\\/www.salaplast.hu\\\/adatvedelem\\\/\"]}]},{\"@type\":\"BreadcrumbList\",\"@id\":\"https:\\\/\\\/www.salaplast.hu\\\/adatvedelem\\\/#breadcrumb\",\"itemListElement\":[{\"@type\":\"ListItem\",\"position\":1,\"name\":\"Kezd\u0151lap\",\"item\":\"https:\\\/\\\/www.salaplast.hu\\\/\"},{\"@type\":\"ListItem\",\"position\":2,\"name\":\"Adatv\u00e9delem\"}]},{\"@type\":\"WebSite\",\"@id\":\"https:\\\/\\\/www.salaplast.hu\\\/#website\",\"url\":\"https:\\\/\\\/www.salaplast.hu\\\/\",\"name\":\"Salaplast Kft.\",\"description\":\"M\u0171anyag fr\u00f6ccs\u00f6nt\u00e9s\",\"publisher\":{\"@id\":\"https:\\\/\\\/www.salaplast.hu\\\/#organization\"},\"potentialAction\":[{\"@type\":\"SearchAction\",\"target\":{\"@type\":\"EntryPoint\",\"urlTemplate\":\"https:\\\/\\\/www.salaplast.hu\\\/?s={search_term_string}\"},\"query-input\":{\"@type\":\"PropertyValueSpecification\",\"valueRequired\":true,\"valueName\":\"search_term_string\"}}],\"inLanguage\":\"en-GB\"},{\"@type\":\"Organization\",\"@id\":\"https:\\\/\\\/www.salaplast.hu\\\/#organization\",\"name\":\"Salaplast Kft.\",\"url\":\"https:\\\/\\\/www.salaplast.hu\\\/\",\"logo\":{\"@type\":\"ImageObject\",\"inLanguage\":\"en-GB\",\"@id\":\"https:\\\/\\\/www.salaplast.hu\\\/#\\\/schema\\\/logo\\\/image\\\/\",\"url\":\"https:\\\/\\\/www.salaplast.hu\\\/wp-content\\\/uploads\\\/2023\\\/05\\\/logo.png\",\"contentUrl\":\"https:\\\/\\\/www.salaplast.hu\\\/wp-content\\\/uploads\\\/2023\\\/05\\\/logo.png\",\"width\":120,\"height\":120,\"caption\":\"Salaplast Kft.\"},\"image\":{\"@id\":\"https:\\\/\\\/www.salaplast.hu\\\/#\\\/schema\\\/logo\\\/image\\\/\"},\"sameAs\":[\"https:\\\/\\\/www.facebook.com\\\/salaplast.hu\"]}]}<\/script>\n<!-- \/ Yoast SEO Premium plugin. -->","yoast_head_json":{"title":"Salaplast | Adatv\u00e9delem","description":"A Salaplast Kft.","robots":{"index":"index","follow":"follow","max-snippet":"max-snippet:-1","max-image-preview":"max-image-preview:large","max-video-preview":"max-video-preview:-1"},"canonical":"https:\/\/www.salaplast.hu\/en\/adatvedelem\/","og_locale":"en_GB","og_type":"article","og_title":"Adatv\u00e9delem","og_description":"A Salaplast Kft.","og_url":"https:\/\/www.salaplast.hu\/en\/adatvedelem\/","og_site_name":"Salaplast Kft.","article_publisher":"https:\/\/www.facebook.com\/salaplast.hu","article_modified_time":"2023-04-28T07:07:44+00:00","twitter_card":"summary_large_image","schema":{"@context":"https:\/\/schema.org","@graph":[{"@type":"WebPage","@id":"https:\/\/www.salaplast.hu\/adatvedelem\/","url":"https:\/\/www.salaplast.hu\/adatvedelem\/","name":"Salaplast | Adatv\u00e9delem","isPartOf":{"@id":"https:\/\/www.salaplast.hu\/#website"},"datePublished":"2019-03-23T13:44:46+00:00","dateModified":"2023-04-28T07:07:44+00:00","description":"A Salaplast Kft.","breadcrumb":{"@id":"https:\/\/www.salaplast.hu\/adatvedelem\/#breadcrumb"},"inLanguage":"en-GB","potentialAction":[{"@type":"ReadAction","target":["https:\/\/www.salaplast.hu\/adatvedelem\/"]}]},{"@type":"BreadcrumbList","@id":"https:\/\/www.salaplast.hu\/adatvedelem\/#breadcrumb","itemListElement":[{"@type":"ListItem","position":1,"name":"Kezd\u0151lap","item":"https:\/\/www.salaplast.hu\/"},{"@type":"ListItem","position":2,"name":"Adatv\u00e9delem"}]},{"@type":"WebSite","@id":"https:\/\/www.salaplast.hu\/#website","url":"https:\/\/www.salaplast.hu\/","name":"Salaplast Kft.","description":"M\u0171anyag fr\u00f6ccs\u00f6nt\u00e9s","publisher":{"@id":"https:\/\/www.salaplast.hu\/#organization"},"potentialAction":[{"@type":"SearchAction","target":{"@type":"EntryPoint","urlTemplate":"https:\/\/www.salaplast.hu\/?s={search_term_string}"},"query-input":{"@type":"PropertyValueSpecification","valueRequired":true,"valueName":"search_term_string"}}],"inLanguage":"en-GB"},{"@type":"Organization","@id":"https:\/\/www.salaplast.hu\/#organization","name":"Salaplast Kft.","url":"https:\/\/www.salaplast.hu\/","logo":{"@type":"ImageObject","inLanguage":"en-GB","@id":"https:\/\/www.salaplast.hu\/#\/schema\/logo\/image\/","url":"https:\/\/www.salaplast.hu\/wp-content\/uploads\/2023\/05\/logo.png","contentUrl":"https:\/\/www.salaplast.hu\/wp-content\/uploads\/2023\/05\/logo.png","width":120,"height":120,"caption":"Salaplast Kft."},"image":{"@id":"https:\/\/www.salaplast.hu\/#\/schema\/logo\/image\/"},"sameAs":["https:\/\/www.facebook.com\/salaplast.hu"]}]}},"_links":{"self":[{"href":"https:\/\/www.salaplast.hu\/en\/wp-json\/wp\/v2\/pages\/186","targetHints":{"allow":["GET"]}}],"collection":[{"href":"https:\/\/www.salaplast.hu\/en\/wp-json\/wp\/v2\/pages"}],"about":[{"href":"https:\/\/www.salaplast.hu\/en\/wp-json\/wp\/v2\/types\/page"}],"author":[{"embeddable":true,"href":"https:\/\/www.salaplast.hu\/en\/wp-json\/wp\/v2\/users\/1"}],"replies":[{"embeddable":true,"href":"https:\/\/www.salaplast.hu\/en\/wp-json\/wp\/v2\/comments?post=186"}],"version-history":[{"count":5,"href":"https:\/\/www.salaplast.hu\/en\/wp-json\/wp\/v2\/pages\/186\/revisions"}],"predecessor-version":[{"id":658,"href":"https:\/\/www.salaplast.hu\/en\/wp-json\/wp\/v2\/pages\/186\/revisions\/658"}],"wp:attachment":[{"href":"https:\/\/www.salaplast.hu\/en\/wp-json\/wp\/v2\/media?parent=186"}],"curies":[{"name":"wp","href":"https:\/\/api.w.org\/{rel}","templated":true}]}}